{"id":13774,"date":"2025-03-20T08:30:03","date_gmt":"2025-04-16T07:52:13","guid":{"rendered":"https:\/\/www.ufi.eu\/pcn\/uncategorized\/pcn-ufi-ghal-kura-ta-l-ajru-ohra-u-deodorizzanti-ambjentali\/"},"modified":"2025-04-16T07:52:13","modified_gmt":"2025-04-16T07:52:13","slug":"pcn-ufi-ghal-kura-ta-l-ajru-ohra-u-deodorizzanti-ambjentali","status":"publish","type":"product","link":"https:\/\/www.ufi.eu\/mt\/product\/pcn-ufi-ghal-kura-ta-l-ajru-ohra-u-deodorizzanti-ambjentali\/","title":{"rendered":"PCN &amp; UFI g\u0127al Kura ta&#8217; l-Ajru O\u0127ra u Deodorizzanti Ambjentali"},"content":{"rendered":"<h2>Kif ja\u0127dem is-servizz tal-\u0127olqien tal-UFI u tan-notifika tal-PCN?<\/h2>\n<p>Wara li tixtri dan is-servizz, tir\u010bievi a\u010b\u010bess g\u0127all-portal sigur. Dan il-portal fih \u0127arsa \u0121enerali tal-passi kollha.  Int timla d-dettalji tal-prodott tieg\u0127ek u a\u0127na nibdew na\u0127dmu.<\/p>\n<h3>Notifika ta\u010b-\u010aentru tal-Velenu u UFI<\/h3>\n<p>A\u0127na ser nipprovdu:<\/p>\n<ul>\n<li>L-Identifikatur Uniku tal-Formula (UFI) tal-prodott tieg\u0127ek<\/li>\n<li>Rapport tan-Notifika ta\u010b-\u010aentru tal-Velen (PCN).<\/li>\n<li>Re\u0121istrazzjoni tal-prodott tieg\u0127ek ma\u010b-\u010aentri tal-Veleni nazzjonali rilevanti permezz tal-ECHA.<\/li>\n<\/ul>\n<h3>Pajji\u017ci g\u0127ar-re\u0121istrazzjoni PCN<\/h3>\n<p>Tista&#8217; tg\u0127odd in-numru ta&#8217; pajji\u017ci li fihom trid tirre\u0121istra l-prodott tieg\u0127ek. Dan huwa n-numru ta &#8216;pajji\u017ci li g\u0127andek b\u017conn tixtri.  Int tkun tista&#8217; tag\u0127\u017cel il-pajji\u017ci spe\u010bifi\u010bi fi \u0127dan il-portal. Jekk qed tippjana li tespandi l-bejg\u0127 tal-prodotti tieg\u0127ek g\u0127al pajji\u017ci \u0121odda f&#8217;data aktar tard, allura tista&#8217; dejjem tordna <a href=\"https:\/\/www.ufi.eu\/mt\/pcn\/pajjizi\/pajjizi-ghar-registrazzjoni-pcn\/\" target=\"_blank\" title=\"Re\u0121istrazzjonijiet tal-pajji\u017c PCN\">re\u0121istrazzjonijiet addizzjonali tal-pajji\u017ci PCN<\/a> .<br \/> L-UE g\u0127andha 27 pajji\u017c u \u017c-\u017bEE g\u0127andha 30 (UE+Lichtenstein, in-Norve\u0121ja u l-Islanda) Fil-portal tista\u2019 tag\u0127\u017cel dawn il-pajji\u017ci: <\/p>\n<table cellpadding=\"2\" cellspacing=\"0\" border=\"1\">\n<tbody>\n<tr>\n<td>il-Bel\u0121ju<\/td>\n<td>(BE)<\/td>\n<td>Spanja<\/td>\n<td>(ES)<\/td>\n<td>Ungerija<\/td>\n<td>(HU)<\/td>\n<td>Is-Slovakkja<\/td>\n<td>(SK)<\/td>\n<\/tr>\n<tr>\n<td>Bulgarija<\/td>\n<td>(BG)<\/td>\n<td>Franza<\/td>\n<td>(FR)<\/td>\n<td>Malta<\/td>\n<td>(MT)<\/td>\n<td>Finlandja<\/td>\n<td>(FI)<\/td>\n<\/tr>\n<tr>\n<td>\u010aekja<\/td>\n<td>(CZ)<\/td>\n<td>il-Kroazja<\/td>\n<td>(HR)<\/td>\n<td>l-Olanda<\/td>\n<td>(NL)<\/td>\n<td>l-Isvezja<\/td>\n<td>(SE)<\/td>\n<\/tr>\n<tr>\n<td>id-Danimarka<\/td>\n<td>(DK)<\/td>\n<td>l-Italja<\/td>\n<td>(IT)<\/td>\n<td>L-Awstrija<\/td>\n<td>(AT)<\/td>\n<td>il-\u0120ermanja<\/td>\n<td>(DE)<\/td>\n<\/tr>\n<tr>\n<td>\u010aipru<\/td>\n<td>(CY)<\/td>\n<td>Polonja<\/td>\n<td>(PL)<\/td>\n<td>l-Islanda<\/td>\n<td>(IS)<\/td>\n<td>Estonja<\/td>\n<td>(EE)<\/td>\n<\/tr>\n<tr>\n<td>Il-Latvja<\/td>\n<td>(LV)<\/td>\n<td>Portugall<\/td>\n<td>(PT)<\/td>\n<td>Liechtenstein<\/td>\n<td>(LI)<\/td>\n<td>l-Irlanda<\/td>\n<td>(IE)<\/td>\n<\/tr>\n<tr>\n<td>il-Litwanja<\/td>\n<td>(LT)<\/td>\n<td>ir-Rumanija<\/td>\n<td>(RO)<\/td>\n<td>Norve\u0121ja<\/td>\n<td>(LE)<\/td>\n<td>il-Gre\u010bja<\/td>\n<td>(EL)<\/td>\n<\/tr>\n<tr>\n<td>Lussemburgu<\/td>\n<td>(LU)<\/td>\n<td>is-Slovenja<\/td>\n<td>(SI)<\/td>\n<td>Isvizzera*<\/td>\n<td>(CH)<\/td>\n<td><\/td>\n<td><\/td>\n<\/tr>\n<\/tbody>\n<\/table>\n<p>*G\u0127all-Isvizzera nistg\u0127u no\u0127olqu d-dossier tal-PCN, bl-informazzjoni kollha me\u0127tie\u0121a biex nag\u0127mlu sottomissjoni fil-portal \u017bvizzeru. Ikkuntattjana g\u0127al aktar informazzjoni. <\/p>\n<h3>Informazzjoni tat-Tikketta CLP<\/h3>\n<p>Noffru l-g\u0127a\u017cla li nixtru tikketta tal-prodott konformi mal-CLP, li jkun fiha l-informazzjoni obbligatorja kollha kif me\u0127tie\u0121 mir-Regolament CLP tal-UE. Dan se ji\u0121i pprovdut b\u0127ala PDF.  Dan mhuwiex disinn, i\u017cda sajf ta &#8216;l-informazzjoni me\u0127tie\u0121a. Dan jippermettilek tintegra l-informazzjoni me\u0127tie\u0121a fid-disinn tat-tikketta tal-prodott tieg\u0127ek. Tista&#8217; wkoll tordna l <a href=\"https:\/\/www.ufi.eu\/mt\/pcn\/tikketta-clp\/holqien-tat-tikketti-clp-u-kontroll-tal-konformita\/\" target=\"_blank\" title=\"\u0126olqien tat-tikketta CLP\">-\u0127olqien tat-tikketta CLP<\/a> separatament. Di\u0121\u00e0 g\u0127andek tikketta? \u2014 Nistg\u0127u nag\u0127mlu <a href=\"https:\/\/www.ufi.eu\/mt\/pcn\/tikketta-clp\/holqien-tat-tikketti-clp-u-kontroll-tal-konformita\/\" target=\"_blank\" title=\"Kontroll tal-konformit\u00e0 tat-tikketta CLP\">kontroll tal-konformit\u00e0 tat-tikketta CLP<\/a> tat-tikketta tieg\u0127ek skont ir-rekwi\u017citi attwali tas-CLP. A\u0127na ser nipprovdu feedback dettaljat u korrezzjonijiet biex ni\u017cguraw li t-tikketta tieg\u0127ek tissodisfa l-istandards regolatorji kollha.     <\/p>\n<h2>Ir-re\u0121istrazzjoni ta&#8217; Prodotti O\u0127ra g\u0127all-Kura tal-Arja u Deodorizzaturi Ambjentali ma\u010b-\u010aentru tal-Velennu<\/h2>\n<p>Prodotti o\u0127ra g\u0127all-kura tal-arja u deodorizzaturi ambjentali li mhumiex di\u0121\u00e0 koperti minn regolamenti spe\u010bifi\u010bi g\u0127adhom je\u0127tie\u0121u Notifika ta\u010b-\u010aentru tal-Velen (PCN) biex ti\u0121i \u017cgurata s-sikurezza tal-konsumaturi u dawk li jwie\u0121bu f&#8217;emer\u0121enza. Dawn il-prodotti jinkludu diversi tipi ta\u2019 deodoranti u deodoranti li jservu biex jeliminaw jew ja\u0127bu l-irwejja\u0127, li jista\u2019 jkun fihom kimi\u010bi li jo\u0127olqu riskji g\u0127as-sa\u0127\u0127a. Il-pro\u010bess tal-PCN ji\u017cgura li dawn il-prodotti ji\u0121u evalwati, ikklassifikati u ttikkettati kif suppost biex jipprovdu l-informazzjoni me\u0127tie\u0121a dwar is-sikurezza f&#8217;ka\u017c ta &#8216;in\u010bident jew espo\u017cizzjoni.  <\/p>\n<h3>X&#8217;inhu UFI?<\/h3>\n<p>UFI (Identifikatur Uniku tal-Formula) huwa kodi\u010bi uniku li huwa assenjat g\u0127al formulazzjoni ta&#8217; prodott spe\u010bifiku. G\u0127al prodotti o\u0127ra g\u0127all-kura ta &#8216;l-arja, l-UFI jg\u0127in biex jidentifika t-ta\u0127lita pre\u010bi\u017ca ta&#8217; kimi\u010bi fil-prodott, li jiffa\u010bilita timijiet ta &#8216;rispons ta&#8217; emer\u0121enza biex jifhmu malajr il-kompo\u017cizzjoni tal-prodott f&#8217;ka\u017c ta &#8216;in\u010bident. Jippermetti \u0121estjoni tar-riskju effi\u010bjenti u pre\u010bi\u017ca f&#8217;sitwazzjonijiet ta&#8217; emer\u0121enza.  <\/p>\n<h3>X&#8217;inhu PCN?<\/h3>\n<p>A PCN (Notifika ta\u010b-\u010aentru tal-Velen) huwa rapport obbligatorju li l-kumpaniji g\u0127andhom jissottomettu li\u010b-\u010aentru tal-Velenu g\u0127al prodotti perikolu\u017ci. Jinkludi informazzjoni dettaljata dwar il-kompo\u017cizzjoni kimika tal-prodott, perikli potenzjali, u mi\u017curi xierqa tal-ewwel g\u0127ajnuna. Dan jg\u0127in lil dawk li jwie\u0121bu f&#8217;emer\u0121enza ja\u010b\u010bessaw dejta kritika dwar is-sikurezza meta jimmani\u0121\u0121jaw in\u010bidenti li jinvolvu prodotti g\u0127all-kura tal-arja jew deodorizzanti.  <\/p>\n<h3>X&#8217;inhu CLP?<\/h3>\n<p>CLP (Klassifikazzjoni, Tikkettjar, u Imballa\u0121\u0121) huwa regolament li je\u0127tie\u0121 li l-prodotti ji\u0121u kklassifikati skont ir-riskji g\u0127as-sa\u0127\u0127a u l-ambjent tag\u0127hom. G\u0127al prodotti g\u0127all-kura tal-arja, CLP ji\u017cgura li kwalunkwe ingredjent perikolu\u017c ikun ittikkettat b&#8217;mod \u010bar b&#8217;simboli ta&#8217; periklu xierqa, dikjarazzjonijiet ta&#8217; prekawzjoni, u struzzjonijiet tas-sigurt\u00e0. Dan it-tikkettar ji\u017cgura li kemm il-konsumaturi kif ukoll il-professjonisti jkunu jistg\u0127u jimmani\u0121\u0121jaw il-prodott b&#8217;mod sikur u jirrispondu b&#8217;mod effettiv f&#8217;ka\u017c ta&#8217; in\u010bidenti.  <\/p>\n<h3>X&#8217;inhu l-Poison Centre?<\/h3>\n<p>I\u010b-\u010aentru tal-Veleni huwa korp uffi\u010bjali li j\u017comm database \u010bentralizzata ta&#8217; informazzjoni dwar is-sikurezza g\u0127al prodotti perikolu\u017ci mibjug\u0127a fl-UE. Jintu\u017ca minn dawk li jwie\u0121bu f&#8217;emer\u0121enza, professjonisti medi\u010bi, u awtoritajiet regolatorji biex ja\u010b\u010bessaw dejta spe\u010bifika g\u0127all-prodott f&#8217;ka\u017c ta&#8217; emer\u0121enza. I\u010b-\u010aentru tal-veleni ji\u017cgura li din l-informazzjoni tkun disponibbli u a\u010b\u010bessibbli biex tg\u0127in ittaffi r-riskji asso\u010bjati ma&#8217; prodotti b\u0127al o\u0121\u0121etti g\u0127all-kura tal-arja u deodorizzanti ambjentali.  <\/p>\n<h3>G\u0127aliex dan huwa me\u0127tie\u0121?<\/h3>\n<p>Is-sottomissjoni ta&#8217; Notifika ta\u010b-\u010aentru tal-Velenu (PCN) g\u0127al prodotti g\u0127all-kura tal-arja u deodorizzanti ambjentali li mhumiex koperti spe\u010bifikament ta\u0127t ir-regolamenti e\u017cistenti hija kru\u010bjali biex ji\u0121i \u017cgurat li l-informazzjoni dwar is-sikurezza tkun fa\u010bilment disponibbli f&#8217;ka\u017c ta&#8217; emer\u0121enza. \u0126afna prodotti g\u0127all-kura tal-arja fihom kimi\u010bi li jistg\u0127u jikkaw\u017caw \u0127sara jekk ji\u0121u mmani\u0121\u0121jati \u0127a\u017cin jew jinbelg\u0127u. Billi jirre\u0121istraw dawn il-prodotti ma\u010b-\u010aentru tal-Veleni, il-kumpaniji ji\u017cguraw li dawk li jwie\u0121bu f&#8217;emer\u0121enza jkollhom a\u010b\u010bess rapidu g\u0127al data importanti li tg\u0127in fil-\u0121estjoni tar-riskji potenzjali.  <\/p>\n<h3>Minn Meta Dan bil-Li\u0121i Obbligatorju?<\/h3>\n<p>Mill-1 ta\u2019 Jannar 2021, kien obbligatorju g\u0127all-manifatturi u l-importaturi ta\u2019 prodotti perikolu\u017ci, inklu\u017ci \u010berti prodotti g\u0127all-kura tal-arja u deodorizzanti ambjentali, li jissottomettu Notifika ta\u010b-\u010aentru tal-Velen (PCN) skont ir-regolament tal-UE. Dan ir-rekwi\u017cit huwa fis-se\u0127\u0127 biex jitjiebu l-istandards tas-sikurezza u t-t\u0127ejjija g\u0127al emer\u0121enza g\u0127al sustanzi perikolu\u017ci fil-prodotti tal-konsumatur ta&#8217; kuljum. <\/p>\n<h2>FAQ<\/h2>\n<h3>Mistoqsija: Je\u0127tie\u0121 li prodotti o\u0127ra g\u0127all-kura tal-arja ji\u0121u rre\u0121istrati ma\u010b-\u010aentru tal-Veleni?<\/h3>\n<p>Twe\u0121iba: Iva, il-prodotti kollha g\u0127all-kura tal-arja u d-deodorizzanti ambjentali, inklu\u017ci dawk li mhumiex koperti spe\u010bifikament minn regolamenti e\u017cistenti, iridu ji\u0121u rre\u0121istrati ma\u010b-\u010aentru tal-Veleni jekk ikun fihom kimi\u010bi perikolu\u017ci. Dan ji\u017cgura li dawk li jwie\u0121bu f&#8217;emer\u0121enza jkollhom a\u010b\u010bess immedjat g\u0127all-informazzjoni me\u0127tie\u0121a dwar is-sikurezza f&#8217;ka\u017c ta&#8217; in\u010bident jew espo\u017cizzjoni. <\/p>\n<h3>Mistoqsija: X&#8217;inhu l-iskop ta &#8216;UFI g\u0127al prodotti g\u0127all-kura tal-arja?<\/h3>\n<p>Twe\u0121iba: L-UFI (Identifikatur Uniku tal-Formula) jintu\u017ca biex jidentifika b&#8217;mod uniku l-kompo\u017cizzjoni kimika ta &#8216;prodott g\u0127all-kura tal-arja. Dan jg\u0127in lil dawk li jwie\u0121bu f&#8217;emer\u0121enza ja\u010b\u010bessaw malajr dejta kritika dwar is-sikurezza dwar il-prodott f&#8217;ka\u017c ta&#8217; espo\u017cizzjoni jew in\u010bident, u jippermettilhom jimmani\u0121\u0121jaw is-sitwazzjoni b&#8217;mod effi\u010bjenti u effettiv. <\/p>\n<h3>Mistoqsija: G\u0127aliex huwa importanti li tissottometti PCN g\u0127al prodotti g\u0127all-kura tal-arja?<\/h3>\n<p>Twe\u0121iba: Is-sottomissjoni ta&#8217; PCN ti\u017cgura li informazzjoni dettaljata dwar is-sigurt\u00e0 dwar il-perikli tal-prodott, il-kompo\u017cizzjoni kimika, u l-mi\u017curi tal-ewwel g\u0127ajnuna tkun disponibbli g\u0127al dawk li jwie\u0121bu f&#8217;emer\u0121enza. Dan huwa kritiku g\u0127all-\u0121estjoni tar-riskji potenzjali g\u0127as-sa\u0127\u0127a asso\u010bjati mal-espo\u017cizzjoni g\u0127al kimi\u010bi perikolu\u017ci fil-prodotti g\u0127all-kura tal-arja. <\/p>\n<h3>Mistoqsija: Kif japplika CLP g\u0127all-prodotti g\u0127all-kura tal-arja?<\/h3>\n<p>Twe\u0121iba: Skont ir-regolament CLP, il-prodotti g\u0127all-kura tal-arja li fihom sustanzi perikolu\u017ci g\u0127andhom ikunu ttikkettjati b&#8217;simboli ta&#8217; periklu xierqa u dikjarazzjonijiet ta&#8217; prekawzjoni. Dan ji\u017cgura li l-konsumaturi u dawk li jwie\u0121bu f&#8217;emer\u0121enza jistg\u0127u fa\u010bilment jidentifikaw ir-riskji u jie\u0127du l-prekawzjonijiet me\u0127tie\u0121a biex jimmani\u0121\u0121jaw il-prodott b&#8217;mod sikur. <\/p>\n<h3>Mistoqsija: Meta sar obbligatorju li tissottometti PCN g\u0127al prodotti g\u0127all-kura tal-arja?<\/h3>\n<p>Twe\u0121iba: Ir-rekwi\u017cit li ti\u0121i ppre\u017centata Notifika ta\u010b-\u010aentru tal-Velenu (PCN) g\u0127al prodotti g\u0127all-kura tal-arja u prodotti simili o\u0127ra tal-konsumatur sar obbligatorju fl-1 ta&#8217; Jannar 2021. Dan ir-regolament huwa parti mill-isforzi kontinwi tal-UE biex ittejjeb is-sikurezza tal-konsumatur u tipprovdi kapa\u010bitajiet a\u0127jar ta&#8217; rispons f&#8217;emer\u0121enza fil-ka\u017c ta&#8217; espo\u017cizzjoni ta&#8217; prodotti perikolu\u017ci. <\/p>\n<h3>Mistoqsija: Kemm iddum biex tissottometti n-notifika tal-UFI u l-PCN?<\/h3>\n<p>Je\u0127odna ftit jiem xog\u0127ol. Hekk kif ittella\u2019 d-dokumentazzjoni, nibdew minnufih. <\/p>\n<h3>Mistoqsija: Jiena s-sid tan-notifika tal-PCN?<\/h3>\n<p>Iva, int is-sid tan-notifika tal-PCN. Int i\u017c\u017comm is-sjieda s\u0127i\u0127a tad-dejta li pprovdejt.  In-notifika tal-PCN tkun a\u010b\u010bessibbli fil-kont tal-ECHA tieg\u0127ek.<\/p>\n<h3>Mistoqsija: Dan is-servizz huwa g\u0127al prodott wie\u0127ed jew aktar?<\/h3>\n<p>Is-servizz huwa g\u0127al prodott wie\u0127ed.<\/p>\n<h3>Mistoqsija: G\u0127aliex g\u0127andi n\u0127allas biex no\u0127loq UFI?<\/h3>\n<p>Is-servizz li noffru mhuwiex biss li jipprovdi UFI. L-UFI huwa komponent fi pro\u010bess \u0127afna aktar estensiv.  Is-servizz ewlieni li nipprovdu huwa l-preparazzjoni u s-sottomissjoni tan-Notifika ta\u010b-\u010aentru tal-Velen (PCN) tieg\u0127ek lill-korpi nazzjonali ma\u0127tura permezz tal-portal tal-ECHA, li huwa rekwi\u017cit obbligatorju skont ir-Regolament CLP tal-UE g\u0127at-tqeg\u0127id fis-suq ta\u2019 ta\u0127litiet perikolu\u017ci. Il-\u0121enerazzjoni ta &#8216;UFI hija l-aktar parti sempli\u010bi. Ir-rapport tal-PCN, madankollu, huwa kumpless. Je\u017ci\u0121i revi\u017cjoni dettaljata tal-ingredjenti \u2014 klassifikazzjonijiet kimi\u010bi \u2014 ifformattjati pre\u010bi\u017cament g\u0127as-sottomissjoni ta\u010b-\u010aentru tal-Veleni permezz tal-ECHA.   <\/p>\n<h3>Mistoqsija: Il-kumpanija tieg\u0127i mhijiex ibba\u017cata fl-UE, kif nista&#8217; nibg\u0127at PCN?<\/h3>\n<p>A\u0127na nipprovdu soluzzjoni g\u0127al kumpaniji li mhumiex ibba\u017cati fl-UE. Tista&#8217; ssib aktar informazzjoni fuq il-pa\u0121na <a href=\"https:\/\/www.ufi.eu\/mt\/pcn\/barra-mill-ue\/pcn-ufi-ghal-kumpaniji-mhux-tal-ue\/\" target=\"_blank\" rel=\"noopener\">tal-PCN &amp; UFI g\u0127al kumpaniji mhux tal-UE<\/a> . <\/p>\n<h3>Mistoqsija: Tista&#8217; tipprovdi Skedi ta&#8217; Data ta&#8217; Sigurt\u00e0 f&#8217;konformit\u00e0 s\u0127i\u0127a mar-Regolament tal-UE (REACH &amp; CLP)?<\/h3>\n<p>Iva, nistg\u0127u <a href=\"https:\/\/www.ufi.eu\/mt\/pcn\/skeda-ta-data-tas-sigurta\/servizz-ta-holqien-ta-skeda-ta-data-tas-sigurta-msds-sds\/\" target=\"_blank\"><strong>no\u0127olqu Folji tad-Data tas-Sigurt\u00e0 (SDS)<\/strong><\/a> \u2014 mag\u0127rufa wkoll b\u0127ala <strong>Folji tad-Data tas-Sigurt\u00e0 tal-Materjal (MSDS)<\/strong> \u2014 imfassla g\u0127all-prodott tieg\u0127ek u konformi mal-a\u0127\u0127ar regolamenti tal-UE. Kemm jekk qed timmanifattura ta\u0127litiet kimi\u010bi, timporta prodotti fl-UE, jew qed tqassam ta\u0127t tikketta privata, SDS konformi hija legalment me\u0127tie\u0121a u essenzjali g\u0127al u\u017cu sikur fil-katina tal-provvista kollha. Issib aktar fuq il-pa\u0121na <a href=\"https:\/\/www.ufi.eu\/mt\/pcn\/skeda-ta-data-tas-sigurta\/servizz-ta-holqien-ta-skeda-ta-data-tas-sigurta-msds-sds\/\" target=\"_blank\">tas-Servizz tal-\u0126olqien tal-Iskeda tad-Data tas-Sigurt\u00e0 (MSDS\/SDS)<\/a> .  <\/p>\n","protected":false},"excerpt":{"rendered":"<p>Kif ja\u0127dem is-servizz tal-\u0127olqien tal-UFI u tan-notifika tal-PCN? Wara li tixtri dan is-servizz, tir\u010bievi a\u010b\u010bess g\u0127all-portal sigur. Dan il-portal fih \u0127arsa \u0121enerali tal-passi kollha. Int timla d-dettalji tal-prodott tieg\u0127ek u a\u0127na nibdew na\u0127dmu. Notifika ta\u010b-\u010aentru tal-Velenu u UFI A\u0127na ser nipprovdu: L-Identifikatur Uniku tal-Formula (UFI) tal-prodott tieg\u0127ek Rapport tan-Notifika ta\u010b-\u010aentru tal-Velen (PCN). Re\u0121istrazzjoni tal-prodott tieg\u0127ek [&hellip;]<\/p>\n","protected":false},"featured_media":13775,"template":"","meta":[],"product_brand":[],"product_cat":[374],"product_tag":[],"class_list":{"0":"post-13774","1":"product","2":"type-product","3":"status-publish","4":"has-post-thumbnail","6":"product_cat-prodotti-ghall-kura-tal-arja","8":"first","9":"instock","10":"virtual","11":"taxable","12":"purchasable","13":"product-type-bundle"},"bundled_by":[],"bundle_stock_status":"instock","bundle_stock_quantity":"","bundle_virtual":false,"bundle_layout":"default","bundle_add_to_cart_form_location":"default","bundle_editable_in_cart":false,"bundle_sold_individually_context":"product","bundle_item_grouping":"parent","bundle_min_size":"","bundle_max_size":"","bundle_price":{"price":{"min":{"incl_tax":"121","excl_tax":"100"},"max":{"incl_tax":"","excl_tax":""}},"regular_price":{"min":{"incl_tax":"121","excl_tax":"100"},"max":{"incl_tax":"","excl_tax":""}}},"bundled_items":[{"bundled_item_id":2394,"product_id":12528,"menu_order":0,"quantity_min":1,"quantity_max":1,"quantity_default":1,"priced_individually":true,"shipped_individually":false,"override_title":false,"title":null,"override_description":false,"description":null,"optional":false,"hide_thumbnail":false,"discount":"","override_variations":false,"allowed_variations":[""],"override_default_variation_attributes":false,"default_variation_attributes":[],"single_product_visibility":"visible","cart_visibility":"visible","order_visibility":"visible","single_product_price_visibility":"visible","cart_price_visibility":"visible","order_price_visibility":"visible","stock_status":"in_stock"},{"bundled_item_id":2395,"product_id":12534,"menu_order":1,"quantity_min":1,"quantity_max":"","quantity_default":1,"priced_individually":true,"shipped_individually":false,"override_title":false,"title":null,"override_description":false,"description":null,"optional":false,"hide_thumbnail":false,"discount":"","override_variations":false,"allowed_variations":[""],"override_default_variation_attributes":false,"default_variation_attributes":[],"single_product_visibility":"visible","cart_visibility":"visible","order_visibility":"visible","single_product_price_visibility":"visible","cart_price_visibility":"visible","order_price_visibility":"visible","stock_status":"in_stock"}],"bundle_sell_ids":[],"yoast_head":"<!-- This site is optimized with the Yoast SEO Premium plugin v25.1 (Yoast SEO v25.1) - https:\/\/yoast.com\/wordpress\/plugins\/seo\/ -->\n<title>PCN &amp; UFI g\u0127al Kura ta&#039; l-Ajru O\u0127ra u Deodorizzanti Ambjentali - UFI<\/title>\n<meta name=\"description\" content=\"\u017bgura l-konformit\u00e0 tal-PCN u l-UFI g\u0127ad-deodorizzanti kollha g\u0127all-kura tal-arja u l-ambjent. A\u0127na nittrattaw notifiki ta\u010b-\u010bentru tal-velenu u identifikaturi uni\u010bi tal-formula g\u0127alik.\" \/>\n<meta name=\"robots\" content=\"index, follow, max-snippet:-1, max-image-preview:large, max-video-preview:-1\" \/>\n<link rel=\"canonical\" href=\"https:\/\/www.ufi.eu\/mt\/product\/pcn-ufi-ghal-kura-ta-l-ajru-ohra-u-deodorizzanti-ambjentali\/\" \/>\n<meta property=\"og:locale\" content=\"mt_MT\" \/>\n<meta property=\"og:type\" content=\"article\" \/>\n<meta property=\"og:title\" content=\"PCN &amp; UFI g\u0127al Kura ta&#039; l-Ajru O\u0127ra u Deodorizzanti Ambjentali\" \/>\n<meta property=\"og:description\" content=\"\u017bgura l-konformit\u00e0 tal-PCN u l-UFI g\u0127ad-deodorizzanti kollha g\u0127all-kura tal-arja u l-ambjent. A\u0127na nittrattaw notifiki ta\u010b-\u010bentru tal-velenu u identifikaturi uni\u010bi tal-formula g\u0127alik.\" \/>\n<meta property=\"og:url\" content=\"https:\/\/www.ufi.eu\/mt\/product\/pcn-ufi-ghal-kura-ta-l-ajru-ohra-u-deodorizzanti-ambjentali\/\" \/>\n<meta property=\"og:site_name\" content=\"UFI\" \/>\n<meta property=\"og:image\" content=\"https:\/\/www.ufi.eu\/wp-content\/uploads\/2025\/03\/PC-AIR-OTH.jpg\" \/>\n\t<meta property=\"og:image:width\" content=\"1024\" \/>\n\t<meta property=\"og:image:height\" content=\"1024\" \/>\n\t<meta property=\"og:image:type\" content=\"image\/jpeg\" \/>\n<meta name=\"twitter:card\" content=\"summary_large_image\" \/>\n<meta name=\"twitter:label1\" content=\"Price\" \/>\n\t<meta name=\"twitter:data1\" content=\"&euro;0.00\" \/>\n\t<meta name=\"twitter:label2\" content=\"Availability\" \/>\n\t<meta name=\"twitter:data2\" content=\"In stock\" \/>\n<script type=\"application\/ld+json\" class=\"yoast-schema-graph\">{\"@context\":\"https:\/\/schema.org\",\"@graph\":[{\"@type\":\"WebPage\",\"@id\":\"https:\/\/www.ufi.eu\/mt\/product\/pcn-ufi-ghal-kura-ta-l-ajru-ohra-u-deodorizzanti-ambjentali\/\",\"url\":\"https:\/\/www.ufi.eu\/mt\/product\/pcn-ufi-ghal-kura-ta-l-ajru-ohra-u-deodorizzanti-ambjentali\/\",\"name\":\"PCN &amp; UFI g\u0127al Kura ta' l-Ajru O\u0127ra u Deodorizzanti Ambjentali - UFI\",\"isPartOf\":{\"@id\":\"https:\/\/www.ufi.eu\/mt\/#website\"},\"primaryImageOfPage\":{\"@id\":\"https:\/\/www.ufi.eu\/mt\/product\/pcn-ufi-ghal-kura-ta-l-ajru-ohra-u-deodorizzanti-ambjentali\/#primaryimage\"},\"image\":{\"@id\":\"https:\/\/www.ufi.eu\/mt\/product\/pcn-ufi-ghal-kura-ta-l-ajru-ohra-u-deodorizzanti-ambjentali\/#primaryimage\"},\"thumbnailUrl\":\"https:\/\/www.ufi.eu\/wp-content\/uploads\/2025\/03\/PC-AIR-OTH.jpg\",\"datePublished\":\"2025-04-16T07:52:13+00:00\",\"description\":\"\u017bgura l-konformit\u00e0 tal-PCN u l-UFI g\u0127ad-deodorizzanti kollha g\u0127all-kura tal-arja u l-ambjent. A\u0127na nittrattaw notifiki ta\u010b-\u010bentru tal-velenu u identifikaturi uni\u010bi tal-formula g\u0127alik.\",\"breadcrumb\":{\"@id\":\"https:\/\/www.ufi.eu\/mt\/product\/pcn-ufi-ghal-kura-ta-l-ajru-ohra-u-deodorizzanti-ambjentali\/#breadcrumb\"},\"inLanguage\":\"mt-MT\",\"potentialAction\":[{\"@type\":\"ReadAction\",\"target\":[\"https:\/\/www.ufi.eu\/mt\/product\/pcn-ufi-ghal-kura-ta-l-ajru-ohra-u-deodorizzanti-ambjentali\/\"]}]},{\"@type\":\"ImageObject\",\"inLanguage\":\"mt-MT\",\"@id\":\"https:\/\/www.ufi.eu\/mt\/product\/pcn-ufi-ghal-kura-ta-l-ajru-ohra-u-deodorizzanti-ambjentali\/#primaryimage\",\"url\":\"https:\/\/www.ufi.eu\/wp-content\/uploads\/2025\/03\/PC-AIR-OTH.jpg\",\"contentUrl\":\"https:\/\/www.ufi.eu\/wp-content\/uploads\/2025\/03\/PC-AIR-OTH.jpg\",\"width\":1024,\"height\":1024},{\"@type\":\"BreadcrumbList\",\"@id\":\"https:\/\/www.ufi.eu\/mt\/product\/pcn-ufi-ghal-kura-ta-l-ajru-ohra-u-deodorizzanti-ambjentali\/#breadcrumb\",\"itemListElement\":[{\"@type\":\"ListItem\",\"position\":1,\"name\":\"Home\",\"item\":\"https:\/\/www.ufi.eu\/mt\/dar\/\"},{\"@type\":\"ListItem\",\"position\":2,\"name\":\"\u0126anut\",\"item\":\"https:\/\/www.ufi.eu\/mt\/hanut\/\"},{\"@type\":\"ListItem\",\"position\":3,\"name\":\"PCN &amp; UFI g\u0127al Kura ta&#8217; l-Ajru O\u0127ra u Deodorizzanti Ambjentali\"}]},{\"@type\":\"WebSite\",\"@id\":\"https:\/\/www.ufi.eu\/mt\/#website\",\"url\":\"https:\/\/www.ufi.eu\/mt\/\",\"name\":\"UFI.EU\",\"description\":\"Poison Centre Notifications (PCN) and UFI\",\"publisher\":{\"@id\":\"https:\/\/www.ufi.eu\/mt\/#organization\"},\"potentialAction\":[{\"@type\":\"SearchAction\",\"target\":{\"@type\":\"EntryPoint\",\"urlTemplate\":\"https:\/\/www.ufi.eu\/mt\/?s={search_term_string}\"},\"query-input\":{\"@type\":\"PropertyValueSpecification\",\"valueRequired\":true,\"valueName\":\"search_term_string\"}}],\"inLanguage\":\"mt-MT\"},{\"@type\":\"Organization\",\"@id\":\"https:\/\/www.ufi.eu\/mt\/#organization\",\"name\":\"UFI.EU\",\"url\":\"https:\/\/www.ufi.eu\/mt\/\",\"logo\":{\"@type\":\"ImageObject\",\"inLanguage\":\"mt-MT\",\"@id\":\"https:\/\/www.ufi.eu\/mt\/#\/schema\/logo\/image\/\",\"url\":\"https:\/\/www.ufi.eu\/wp-content\/uploads\/2025\/03\/cropped-logo_ufi3.jpg\",\"contentUrl\":\"https:\/\/www.ufi.eu\/wp-content\/uploads\/2025\/03\/cropped-logo_ufi3.jpg\",\"width\":231,\"height\":78,\"caption\":\"UFI.EU\"},\"image\":{\"@id\":\"https:\/\/www.ufi.eu\/mt\/#\/schema\/logo\/image\/\"},\"description\":\"UFI.eu specializes in digital registrations for Poison Centre Notifications (PCN), ensuring your chemical products meet EU regulatory requirements effortlessly. Our streamlined solutions help businesses stay compliant while reducing complexity and administrative burden.\",\"email\":\"info@ufi.eu\",\"legalName\":\"UFI.EU\"}]}<\/script>\n<meta property=\"product:price:amount\" content=\"0.00\" \/>\n<meta property=\"product:price:currency\" content=\"EUR\" \/>\n<meta property=\"og:availability\" content=\"instock\" \/>\n<meta property=\"product:availability\" content=\"instock\" \/>\n<meta property=\"product:retailer_item_id\" content=\"PC-AIR-OTH\" \/>\n<meta property=\"product:condition\" content=\"new\" \/>\n<!-- \/ Yoast SEO Premium plugin. -->","yoast_head_json":{"title":"PCN &amp; UFI g\u0127al Kura ta' l-Ajru O\u0127ra u Deodorizzanti Ambjentali - UFI","description":"\u017bgura l-konformit\u00e0 tal-PCN u l-UFI g\u0127ad-deodorizzanti kollha g\u0127all-kura tal-arja u l-ambjent. A\u0127na nittrattaw notifiki ta\u010b-\u010bentru tal-velenu u identifikaturi uni\u010bi tal-formula g\u0127alik.","robots":{"index":"index","follow":"follow","max-snippet":"max-snippet:-1","max-image-preview":"max-image-preview:large","max-video-preview":"max-video-preview:-1"},"canonical":"https:\/\/www.ufi.eu\/mt\/product\/pcn-ufi-ghal-kura-ta-l-ajru-ohra-u-deodorizzanti-ambjentali\/","og_locale":"mt_MT","og_type":"article","og_title":"PCN &amp; UFI g\u0127al Kura ta' l-Ajru O\u0127ra u Deodorizzanti Ambjentali","og_description":"\u017bgura l-konformit\u00e0 tal-PCN u l-UFI g\u0127ad-deodorizzanti kollha g\u0127all-kura tal-arja u l-ambjent. A\u0127na nittrattaw notifiki ta\u010b-\u010bentru tal-velenu u identifikaturi uni\u010bi tal-formula g\u0127alik.","og_url":"https:\/\/www.ufi.eu\/mt\/product\/pcn-ufi-ghal-kura-ta-l-ajru-ohra-u-deodorizzanti-ambjentali\/","og_site_name":"UFI","og_image":[{"width":1024,"height":1024,"url":"https:\/\/www.ufi.eu\/wp-content\/uploads\/2025\/03\/PC-AIR-OTH.jpg","type":"image\/jpeg"}],"twitter_card":"summary_large_image","twitter_misc":{"Price":"&euro;0.00","Availability":"In stock"},"schema":{"@context":"https:\/\/schema.org","@graph":[{"@type":"WebPage","@id":"https:\/\/www.ufi.eu\/mt\/product\/pcn-ufi-ghal-kura-ta-l-ajru-ohra-u-deodorizzanti-ambjentali\/","url":"https:\/\/www.ufi.eu\/mt\/product\/pcn-ufi-ghal-kura-ta-l-ajru-ohra-u-deodorizzanti-ambjentali\/","name":"PCN &amp; UFI g\u0127al Kura ta' l-Ajru O\u0127ra u Deodorizzanti Ambjentali - UFI","isPartOf":{"@id":"https:\/\/www.ufi.eu\/mt\/#website"},"primaryImageOfPage":{"@id":"https:\/\/www.ufi.eu\/mt\/product\/pcn-ufi-ghal-kura-ta-l-ajru-ohra-u-deodorizzanti-ambjentali\/#primaryimage"},"image":{"@id":"https:\/\/www.ufi.eu\/mt\/product\/pcn-ufi-ghal-kura-ta-l-ajru-ohra-u-deodorizzanti-ambjentali\/#primaryimage"},"thumbnailUrl":"https:\/\/www.ufi.eu\/wp-content\/uploads\/2025\/03\/PC-AIR-OTH.jpg","datePublished":"2025-04-16T07:52:13+00:00","description":"\u017bgura l-konformit\u00e0 tal-PCN u l-UFI g\u0127ad-deodorizzanti kollha g\u0127all-kura tal-arja u l-ambjent. A\u0127na nittrattaw notifiki ta\u010b-\u010bentru tal-velenu u identifikaturi uni\u010bi tal-formula g\u0127alik.","breadcrumb":{"@id":"https:\/\/www.ufi.eu\/mt\/product\/pcn-ufi-ghal-kura-ta-l-ajru-ohra-u-deodorizzanti-ambjentali\/#breadcrumb"},"inLanguage":"mt-MT","potentialAction":[{"@type":"ReadAction","target":["https:\/\/www.ufi.eu\/mt\/product\/pcn-ufi-ghal-kura-ta-l-ajru-ohra-u-deodorizzanti-ambjentali\/"]}]},{"@type":"ImageObject","inLanguage":"mt-MT","@id":"https:\/\/www.ufi.eu\/mt\/product\/pcn-ufi-ghal-kura-ta-l-ajru-ohra-u-deodorizzanti-ambjentali\/#primaryimage","url":"https:\/\/www.ufi.eu\/wp-content\/uploads\/2025\/03\/PC-AIR-OTH.jpg","contentUrl":"https:\/\/www.ufi.eu\/wp-content\/uploads\/2025\/03\/PC-AIR-OTH.jpg","width":1024,"height":1024},{"@type":"BreadcrumbList","@id":"https:\/\/www.ufi.eu\/mt\/product\/pcn-ufi-ghal-kura-ta-l-ajru-ohra-u-deodorizzanti-ambjentali\/#breadcrumb","itemListElement":[{"@type":"ListItem","position":1,"name":"Home","item":"https:\/\/www.ufi.eu\/mt\/dar\/"},{"@type":"ListItem","position":2,"name":"\u0126anut","item":"https:\/\/www.ufi.eu\/mt\/hanut\/"},{"@type":"ListItem","position":3,"name":"PCN &amp; UFI g\u0127al Kura ta&#8217; l-Ajru O\u0127ra u Deodorizzanti Ambjentali"}]},{"@type":"WebSite","@id":"https:\/\/www.ufi.eu\/mt\/#website","url":"https:\/\/www.ufi.eu\/mt\/","name":"UFI.EU","description":"Poison Centre Notifications (PCN) and UFI","publisher":{"@id":"https:\/\/www.ufi.eu\/mt\/#organization"},"potentialAction":[{"@type":"SearchAction","target":{"@type":"EntryPoint","urlTemplate":"https:\/\/www.ufi.eu\/mt\/?s={search_term_string}"},"query-input":{"@type":"PropertyValueSpecification","valueRequired":true,"valueName":"search_term_string"}}],"inLanguage":"mt-MT"},{"@type":"Organization","@id":"https:\/\/www.ufi.eu\/mt\/#organization","name":"UFI.EU","url":"https:\/\/www.ufi.eu\/mt\/","logo":{"@type":"ImageObject","inLanguage":"mt-MT","@id":"https:\/\/www.ufi.eu\/mt\/#\/schema\/logo\/image\/","url":"https:\/\/www.ufi.eu\/wp-content\/uploads\/2025\/03\/cropped-logo_ufi3.jpg","contentUrl":"https:\/\/www.ufi.eu\/wp-content\/uploads\/2025\/03\/cropped-logo_ufi3.jpg","width":231,"height":78,"caption":"UFI.EU"},"image":{"@id":"https:\/\/www.ufi.eu\/mt\/#\/schema\/logo\/image\/"},"description":"UFI.eu specializes in digital registrations for Poison Centre Notifications (PCN), ensuring your chemical products meet EU regulatory requirements effortlessly. Our streamlined solutions help businesses stay compliant while reducing complexity and administrative burden.","email":"info@ufi.eu","legalName":"UFI.EU"}]},"product_price_amount":"0.00","product_price_currency":"EUR","og_availability":"instock","product_availability":"instock","product_retailer_item_id":"PC-AIR-OTH","product_condition":"new"},"_links":{"self":[{"href":"https:\/\/www.ufi.eu\/mt\/wp-json\/wp\/v2\/product\/13774","targetHints":{"allow":["GET"]}}],"collection":[{"href":"https:\/\/www.ufi.eu\/mt\/wp-json\/wp\/v2\/product"}],"about":[{"href":"https:\/\/www.ufi.eu\/mt\/wp-json\/wp\/v2\/types\/product"}],"wp:featuredmedia":[{"embeddable":true,"href":"https:\/\/www.ufi.eu\/mt\/wp-json\/wp\/v2\/media\/13775"}],"wp:attachment":[{"href":"https:\/\/www.ufi.eu\/mt\/wp-json\/wp\/v2\/media?parent=13774"}],"wp:term":[{"taxonomy":"product_brand","embeddable":true,"href":"https:\/\/www.ufi.eu\/mt\/wp-json\/wp\/v2\/product_brand?post=13774"},{"taxonomy":"product_cat","embeddable":true,"href":"https:\/\/www.ufi.eu\/mt\/wp-json\/wp\/v2\/product_cat?post=13774"},{"taxonomy":"product_tag","embeddable":true,"href":"https:\/\/www.ufi.eu\/mt\/wp-json\/wp\/v2\/product_tag?post=13774"}],"curies":[{"name":"wp","href":"https:\/\/api.w.org\/{rel}","templated":true}]}}