{"id":21611,"date":"2025-03-20T08:25:18","date_gmt":"2025-04-17T10:11:36","guid":{"rendered":"https:\/\/www.ufi.eu\/pcn\/nem-kategorizalt\/pcn-es-ufi-tintak-es-pigmentek-eseteben-kiveve-a-tetovalo-tintakat\/"},"modified":"2025-04-17T10:11:36","modified_gmt":"2025-04-17T10:11:36","slug":"pcn-es-ufi-tintak-es-pigmentek-eseteben-kiveve-a-tetovalo-tintakat","status":"publish","type":"product","link":"https:\/\/www.ufi.eu\/hu\/product\/pcn-es-ufi-tintak-es-pigmentek-eseteben-kiveve-a-tetovalo-tintakat\/","title":{"rendered":"PCN \u00e9s UFI tint\u00e1k \u00e9s pigmentek eset\u00e9ben (kiv\u00e9ve a tetov\u00e1l\u00f3 tint\u00e1kat)"},"content":{"rendered":"<h2>Hogyan m\u0171k\u00f6dik az UFI l\u00e9trehoz\u00e1sa \u00e9s a PCN-\u00e9rtes\u00edt\u00e9si szolg\u00e1ltat\u00e1s?<\/h2>\n<p>A szolg\u00e1ltat\u00e1s megv\u00e1s\u00e1rl\u00e1sa ut\u00e1n hozz\u00e1f\u00e9r\u00e9st kap a biztons\u00e1gos port\u00e1lhoz. Ez a port\u00e1l tartalmazza az \u00f6sszes l\u00e9p\u00e9s \u00e1ttekint\u00e9s\u00e9t.  \u00d6n kit\u00f6lti a term\u00e9k adatait, mi pedig munk\u00e1hoz l\u00e1tunk.<\/p>\n<h3>M\u00e9regtelen\u00edt\u0151 k\u00f6zpont \u00e9rtes\u00edt\u00e9se \u00e9s UFI<\/h3>\n<p>Mi biztos\u00edtjuk:<\/p>\n<ul>\n<li>A term\u00e9k egyedi k\u00e9pletazonos\u00edt\u00f3ja (UFI)<\/li>\n<li>A m\u00e9rgez\u0151 k\u00f6zpont \u00e9rtes\u00edt\u00e9se (PCN) jelent\u00e9se<\/li>\n<li>A term\u00e9k regisztr\u00e1l\u00e1sa az ECHA-n kereszt\u00fcl az illet\u00e9kes nemzeti m\u00e9rgez\u0151 k\u00f6zpontokn\u00e1l.<\/li>\n<\/ul>\n<h3>A PCN-regisztr\u00e1ci\u00f3 orsz\u00e1gai<\/h3>\n<p>Megsz\u00e1molhatja, hogy h\u00e1ny orsz\u00e1gban szeretn\u00e9 regisztr\u00e1lni a term\u00e9k\u00e9t. Ennyi orsz\u00e1got kell megv\u00e1s\u00e1rolnia.  A port\u00e1lon bel\u00fcl ki tudja majd v\u00e1lasztani az egyes orsz\u00e1gokat. Ha azt tervezi, hogy k\u00e9s\u0151bb \u00faj orsz\u00e1gokra is kiterjeszti term\u00e9keinek \u00e9rt\u00e9kes\u00edt\u00e9s\u00e9t, akkor b\u00e1rmikor megrendelhet tov\u00e1bbi <a href=\"https:\/\/www.ufi.eu\/hu\/pcn\/orszagok\/a-pcn-regisztracio-orszagai\/\" target=\"_blank\" title=\"PCN orsz\u00e1gos regisztr\u00e1ci\u00f3k\">PCN orsz\u00e1gregisztr\u00e1ci\u00f3kat<\/a>.<br \/>Az EU 27 orsz\u00e1gb\u00f3l \u00e1ll, az EGT pedig 30 orsz\u00e1gb\u00f3l (EU+Lichtenstein, Norv\u00e9gia \u00e9s Izland) A port\u00e1lon ezeket az orsz\u00e1gokat v\u00e1laszthatja ki: <\/p>\n<table cellpadding=\"2\" cellspacing=\"0\" border=\"1\">\n<tbody>\n<tr>\n<td>Belgium<\/td>\n<td>(BE)<\/td>\n<td>Spanyolorsz\u00e1g<\/td>\n<td>(ES)<\/td>\n<td>Magyarorsz\u00e1g<\/td>\n<td>(HU)<\/td>\n<td>Szlov\u00e1kia<\/td>\n<td>(SK)<\/td>\n<\/tr>\n<tr>\n<td>Bulg\u00e1ria<\/td>\n<td>(BG)<\/td>\n<td>Franciaorsz\u00e1g<\/td>\n<td>(FR)<\/td>\n<td>M\u00e1lta<\/td>\n<td>(MT)<\/td>\n<td>Finnorsz\u00e1g<\/td>\n<td>(FI)<\/td>\n<\/tr>\n<tr>\n<td>Csehorsz\u00e1g<\/td>\n<td>(CZ)<\/td>\n<td>Horv\u00e1torsz\u00e1g<\/td>\n<td>(HR)<\/td>\n<td>Hollandia<\/td>\n<td>(NL)<\/td>\n<td>Sv\u00e9dorsz\u00e1g<\/td>\n<td>(SE)<\/td>\n<\/tr>\n<tr>\n<td>D\u00e1nia<\/td>\n<td>(DK)<\/td>\n<td>Olaszorsz\u00e1g<\/td>\n<td>(IT)<\/td>\n<td>Ausztria<\/td>\n<td>(AT)<\/td>\n<td>N\u00e9metorsz\u00e1g<\/td>\n<td>(DE)<\/td>\n<\/tr>\n<tr>\n<td>Ciprus<\/td>\n<td>(CY)<\/td>\n<td>Lengyelorsz\u00e1g<\/td>\n<td>(PL)<\/td>\n<td>Izland<\/td>\n<td>(IS)<\/td>\n<td>\u00c9sztorsz\u00e1g<\/td>\n<td>(EE)<\/td>\n<\/tr>\n<tr>\n<td>Lettorsz\u00e1g<\/td>\n<td>(LV)<\/td>\n<td>Portug\u00e1lia<\/td>\n<td>(PT)<\/td>\n<td>Liechtenstein<\/td>\n<td>(LI)<\/td>\n<td>\u00cdrorsz\u00e1g<\/td>\n<td>(IE)<\/td>\n<\/tr>\n<tr>\n<td>Litv\u00e1nia<\/td>\n<td>(LT)<\/td>\n<td>Rom\u00e1nia<\/td>\n<td>(RO)<\/td>\n<td>Norv\u00e9gia<\/td>\n<td>(NEM)<\/td>\n<td>G\u00f6r\u00f6gorsz\u00e1g<\/td>\n<td>(EL)<\/td>\n<\/tr>\n<tr>\n<td>Luxemburg<\/td>\n<td>(LU)<\/td>\n<td>Szlov\u00e9nia<\/td>\n<td>(SI)<\/td>\n<td>Sv\u00e1jc*<\/td>\n<td>(CH)<\/td>\n<td><\/td>\n<td><\/td>\n<\/tr>\n<\/tbody>\n<\/table>\n<p>*Sv\u00e1jc eset\u00e9ben elk\u00e9sz\u00edthetj\u00fck a PCN-dosszi\u00e9t, amely tartalmazza az \u00f6sszes sz\u00fcks\u00e9ges inform\u00e1ci\u00f3t a sv\u00e1jci port\u00e1lon t\u00f6rt\u00e9n\u0151 beny\u00fajt\u00e1shoz. Tov\u00e1bbi inform\u00e1ci\u00f3\u00e9rt forduljon hozz\u00e1nk. <\/p>\n<h3>CLP-c\u00edmk\u00e9vel kapcsolatos inform\u00e1ci\u00f3k<\/h3>\n<p>Lehet\u0151s\u00e9get k\u00edn\u00e1lunk CLP-szabv\u00e1nynak megfelel\u0151 term\u00e9kc\u00edmke megv\u00e1s\u00e1rl\u00e1s\u00e1ra, amely az EU CLP-rendelet \u00e1ltal el\u0151\u00edrt \u00f6sszes k\u00f6telez\u0151 inform\u00e1ci\u00f3t tartalmazza. Ezt PDF form\u00e1tumban biztos\u00edtjuk.  Ez nem terv, hanem a sz\u00fcks\u00e9ges inform\u00e1ci\u00f3k \u00f6sszefoglal\u00e1sa. Ez lehet\u0151v\u00e9 teszi, hogy a sz\u00fcks\u00e9ges inform\u00e1ci\u00f3kat be\u00e9p\u00edtse a term\u00e9kc\u00edmke tervez\u00e9s\u00e9be. A <a href=\"https:\/\/www.ufi.eu\/hu\/pcn\/clp-cimke\/clp-cimke-letrehozasa-es-megfeleloseg-ellenorzes\/\" target=\"_blank\" title=\"CLP c\u00edmkeCreation\">CLP-c\u00edmkek\u00e9sz\u00edt\u00e9st<\/a> k\u00fcl\u00f6n is megrendelheti. M\u00e1r van c\u00edmk\u00e9je? &#8211; Elv\u00e9gezhetj\u00fck c\u00edmk\u00e9j\u00e9nek <a href=\"https:\/\/www.ufi.eu\/hu\/pcn\/clp-cimke\/clp-cimke-letrehozasa-es-megfeleloseg-ellenorzes\/\" target=\"_blank\" title=\"CLP-c\u00edmke megfelel\u0151s\u00e9g\u00e9nek ellen\u0151rz\u00e9se\">CLP-c\u00edmke-megfelel\u0151s\u00e9gi ellen\u0151rz\u00e9s\u00e9t<\/a> az aktu\u00e1lis CLP-k\u00f6vetelm\u00e9nyeknek megfelel\u0151en. R\u00e9szletes visszajelz\u00e9st \u00e9s korrekci\u00f3kat biztos\u00edtunk, hogy c\u00edmk\u00e9je megfeleljen a szab\u00e1lyoz\u00e1si el\u0151\u00edr\u00e1soknak.     <\/p>\n<h2>M\u00e9regtelen\u00edt\u0151 k\u00f6zpont \u00e9rtes\u00edt\u00e9se a tint\u00e1kra, tonerekre \u00e9s kapcsol\u00f3d\u00f3 nyomtat\u00e1si anyagokra vonatkoz\u00f3an<\/h2>\n<p>A tint\u00e1k, tonerek \u00e9s a kapcsol\u00f3d\u00f3 nyomtat\u00e1si anyagok olyan k\u00e9miai \u00f6sszetev\u0151ket tartalmaznak, amelyek eg\u00e9szs\u00e9g\u00fcgyi \u00e9s k\u00f6rnyezeti kock\u00e1zatokat jelenthetnek. Ezek az anyagok vesz\u00e9lyesek lehetnek bel\u00e9legezve, lenyelve vagy a b\u0151rrel \u00e9rintkezve. A biztons\u00e1gos kezel\u00e9s \u00e9s az expoz\u00edci\u00f3 eset\u00e9n t\u00f6rt\u00e9n\u0151 v\u00e9szhelyzeti reag\u00e1l\u00e1s biztos\u00edt\u00e1sa \u00e9rdek\u00e9ben a gy\u00e1rt\u00f3knak \u00e9s az import\u0151r\u00f6knek az uni\u00f3s rendeletek \u00e9rtelm\u00e9ben a vesz\u00e9lyes tinta- \u00e9s tonerterm\u00e9kekr\u0151l M\u00e9regk\u00f6zpont-\u00e9rtes\u00edt\u00e9st (PCN) kell beny\u00fajtaniuk.  <\/p>\n<h3>Mi az UFI?<\/h3>\n<p>Az egyedi k\u00e9sz\u00edtm\u00e9nyazonos\u00edt\u00f3 (UFI) egy 16 karakteres alfanumerikus k\u00f3d, amely egy adott term\u00e9kk\u00e9sz\u00edtm\u00e9nyt \u00f6sszekapcsol a m\u00e9rgez\u0151 k\u00f6zpont \u00e9rtes\u00edt\u00e9s\u00e9vel (PCN). Ezt fel kell t\u00fcntetni a term\u00e9k c\u00edmk\u00e9j\u00e9n vagy biztons\u00e1gi adatlapj\u00e1n (SDS). El\u0151fordul\u00e1s eset\u00e9n az UFI lehet\u0151v\u00e9 teszi a m\u00e9rgez\u0151 k\u00f6zpontok sz\u00e1m\u00e1ra, hogy gyorsan azonos\u00edts\u00e1k a term\u00e9ket \u00e9s pontos orvosi tan\u00e1csot adjanak.  <\/p>\n<h3>Mi az a PCN?<\/h3>\n<p>A M\u00e9regtelen\u00edt\u0151 k\u00f6zpont bejelent\u00e9se (PCN) egy k\u00f6telez\u0151en beny\u00fajtand\u00f3 dokumentum, amely r\u00e9szletes inform\u00e1ci\u00f3kat tartalmaz egy vegyi term\u00e9kr\u0151l, bele\u00e9rtve annak \u00f6sszet\u00e9tel\u00e9t, vesz\u00e9lyess\u00e9gi oszt\u00e1lyoz\u00e1s\u00e1t, tervezett felhaszn\u00e1l\u00e1s\u00e1t \u00e9s a csomagol\u00e1s r\u00e9szleteit. Ez a bejelent\u00e9s minden olyan tinta vagy toner eset\u00e9ben k\u00f6telez\u0151, amelyet az EU CLP-rendelete szerint vesz\u00e9lyesnek min\u0151s\u00edtettek. <\/p>\n<h3>Mi az a CLP?<\/h3>\n<p>Az oszt\u00e1lyoz\u00e1sr\u00f3l, c\u00edmk\u00e9z\u00e9sr\u0151l \u00e9s csomagol\u00e1sr\u00f3l sz\u00f3l\u00f3 rendelet (CLP-rendelet) biztos\u00edtja, hogy a vesz\u00e9lyes vegyi anyagokat megfelel\u0151en oszt\u00e1lyozz\u00e1k \u00e9s c\u00edmk\u00e9zz\u00e9k a hozz\u00e1juk kapcsol\u00f3d\u00f3 kock\u00e1zatoknak megfelel\u0151en. A vesz\u00e9lyes anyagokat tartalmaz\u00f3 tinta- \u00e9s tonerterm\u00e9keknek meg kell felelni\u00fck a CLP-szab\u00e1lynak az\u00e1ltal, hogy a c\u00edmk\u00e9n felt\u00fcntetik a megfelel\u0151 vesz\u00e9lyszimb\u00f3lumokat, az \u00f3vint\u00e9zked\u00e9sekre vonatkoz\u00f3 nyilatkozatokat \u00e9s az UFI-t. <\/p>\n<h3>Mi az a M\u00e9regk\u00f6zpont?<\/h3>\n<p>A M\u00e9regk\u00f6zpont olyan orsz\u00e1gos szervezetek h\u00e1l\u00f3zata, amelyek s\u00fcrg\u0151ss\u00e9gi orvosi tan\u00e1csad\u00e1st ny\u00fajtanak vegyi anyagoknak val\u00f3 kitetts\u00e9g eset\u00e9n. A PCN-bejelent\u00e9sek adatb\u00e1zis\u00e1nak vezet\u00e9s\u00e9vel a m\u00e9rgez\u0151 k\u00f6zpontok gyors \u00e9s hat\u00e9kony seg\u00edts\u00e9get tudnak ny\u00fajtani, ha vesz\u00e9lyes tint\u00e1knak vagy tonereknek val\u00f3 expoz\u00edci\u00f3 t\u00f6rt\u00e9nik. <\/p>\n<h3>Mi\u00e9rt van erre sz\u00fcks\u00e9g?<\/h3>\n<p>Egyes tint\u00e1k \u00e9s tonerek olyan old\u00f3szereket, pigmenteket vagy adal\u00e9kanyagokat tartalmaznak, amelyek m\u00e9rgez\u0151ek, gy\u00fal\u00e9konyak vagy m\u00e1s m\u00f3don vesz\u00e9lyesek lehetnek. A PCN beny\u00fajt\u00e1sa biztos\u00edtja, hogy a m\u00e9rgez\u0151 k\u00f6zpontok rendelkezzenek a sz\u00fcks\u00e9ges inform\u00e1ci\u00f3kkal a v\u00e9letlen expoz\u00edci\u00f3s esetekre val\u00f3 reag\u00e1l\u00e1shoz, \u00e9s ezzel hozz\u00e1j\u00e1rul a fogyaszt\u00f3k, a munkav\u00e1llal\u00f3k \u00e9s a k\u00f6rnyezet v\u00e9delm\u00e9hez. <\/p>\n<h3>Mi\u00f3ta k\u00f6telez\u0151 ez t\u00f6rv\u00e9ny szerint?<\/h3>\n<p>2021. janu\u00e1r 1-j\u00e9t\u0151l a CLP-rendelet VIII. mell\u00e9klete \u00e9rtelm\u00e9ben minden vesz\u00e9lyes kever\u00e9knek, bele\u00e9rtve a tint\u00e1kat \u00e9s tonereket is, PCN-bejelent\u00e9st kell beny\u00fajtaniuk, miel\u0151tt az EU piac\u00e1n forgalomba hozn\u00e1k \u0151ket.<\/p>\n<h2>GYIK<\/h2>\n<h3>K\u00e9rd\u00e9s: Minden tinta \u00e9s toner PCN-t ig\u00e9nyel?<\/h3>\n<p>V\u00e1lasz: Nem, csak a CLP-rendelet szerint vesz\u00e9lyesnek min\u0151s\u00edtett tint\u00e1k \u00e9s tonerek eset\u00e9ben van sz\u00fcks\u00e9g PCN beny\u00fajt\u00e1s\u00e1ra.<\/p>\n<h3>K\u00e9rd\u00e9s: Hol kell megjelen\u00edteni az UFI-t?<\/h3>\n<p>V\u00e1lasz: Az UFI-t a term\u00e9k c\u00edmk\u00e9j\u00e9n kell felt\u00fcntetni a vesz\u00e9lyre \u00e9s az \u00f3vint\u00e9zked\u00e9sekre vonatkoz\u00f3 inform\u00e1ci\u00f3k mellett, vagy a term\u00e9k biztons\u00e1gi adatlapj\u00e1n (SDS) kell felt\u00fcntetni.<\/p>\n<h3>K\u00e9rd\u00e9s: Ki a felel\u0151s a PCN beny\u00fajt\u00e1s\u00e1\u00e9rt?<\/h3>\n<p>V\u00e1lasz: A PCN beny\u00fajt\u00e1s\u00e1\u00e9rt a gy\u00e1rt\u00f3, az import\u0151r vagy a tint\u00e1t vagy tonert az EU piac\u00e1n forgalomba hoz\u00f3 tov\u00e1bbfelhaszn\u00e1l\u00f3 felel\u0151s.<\/p>\n<h3>K\u00e9rd\u00e9s: A tonerkazett\u00e1k is beletartoznak a PCN-k\u00f6vetelm\u00e9nybe?<\/h3>\n<p>V\u00e1lasz: Ha a toner vesz\u00e9lyes vegyi anyagokat tartalmaz, akkor meg kell felelnie a PCN-k\u00f6vetelm\u00e9nyeknek. A nem vesz\u00e9lyes tonerek azonban nem ig\u00e9nyelnek bejelent\u00e9st. <\/p>\n<h3>K\u00e9rd\u00e9s: Mi t\u00f6rt\u00e9nik, ha nem ny\u00fajtok be PCN-t egy vesz\u00e9lyes tintaterm\u00e9kre vonatkoz\u00f3an?<\/h3>\n<p>V\u00e1lasz: A PCN-k\u00f6vetelm\u00e9nyek be nem tart\u00e1sa p\u00e9nzb\u00edrs\u00e1got, term\u00e9kvisszah\u00edv\u00e1st vagy a term\u00e9k EU-n bel\u00fcli \u00e9rt\u00e9kes\u00edt\u00e9s\u00e9nek korl\u00e1toz\u00e1s\u00e1t vonhatja maga ut\u00e1n.<\/p>\n<h3>K\u00e9rd\u00e9s: A PCN-k\u00f6vetelm\u00e9nyek minden uni\u00f3s tag\u00e1llamra vonatkoznak?<\/h3>\n<p>V\u00e1lasz: Igen, a CLP-rendelet \u00e9rtelm\u00e9ben a PCN-nek val\u00f3 megfelel\u00e9s minden uni\u00f3s tag\u00e1llamban k\u00f6telez\u0151.<\/p>\n<h3>K\u00e9rd\u00e9s: Mennyi ideig tart az UFI \u00e9s a PCN \u00e9rtes\u00edt\u00e9s beny\u00fajt\u00e1sa?<\/h3>\n<p>Ez n\u00e9h\u00e1ny napnyi munk\u00e1t ig\u00e9nyel. Amint felt\u00f6lt\u00f6tte a dokument\u00e1ci\u00f3t, azonnal nekil\u00e1tunk. <\/p>\n<h3>K\u00e9rd\u00e9s: \u00c9n vagyok a PCN-\u00e9rtes\u00edt\u00e9s tulajdonosa?<\/h3>\n<p>Igen, \u00d6n a PCN-\u00e9rtes\u00edt\u00e9s tulajdonosa. Az \u00d6n \u00e1ltal megadott adatok teljes m\u00e9rt\u00e9kben az \u00d6n tulajdon\u00e1ban maradnak.  A PCN-\u00e9rtes\u00edt\u00e9s az \u00d6n ECHA-fi\u00f3kj\u00e1ban lesz el\u00e9rhet\u0151.<\/p>\n<h3>K\u00e9rd\u00e9s: Ez a szolg\u00e1ltat\u00e1s egy vagy t\u00f6bb term\u00e9kre vonatkozik?<\/h3>\n<p>A szolg\u00e1ltat\u00e1s egy term\u00e9kre vonatkozik.<\/p>\n<h3>K\u00e9rd\u00e9s: Mi\u00e9rt kell fizetnem az UFI l\u00e9trehoz\u00e1s\u00e1\u00e9rt?<\/h3>\n<p>Az \u00e1ltalunk k\u00edn\u00e1lt szolg\u00e1ltat\u00e1s nem csup\u00e1n az UFI biztos\u00edt\u00e1s\u00e1r\u00f3l sz\u00f3l. Az UFI egy sokkal kiterjedtebb folyamat egyik eleme.  Az \u00e1ltalunk ny\u00fajtott alapvet\u0151 szolg\u00e1ltat\u00e1s az \u00d6n m\u00e9rgez\u00e9ssel kapcsolatos bejelent\u00e9s\u00e9nek (PCN) elk\u00e9sz\u00edt\u00e9se \u00e9s beny\u00fajt\u00e1sa a nemzeti kijel\u00f6lt szervekhez az ECHA port\u00e1lj\u00e1n kereszt\u00fcl, ami az EU CLP-rendelet\u00e9nek \u00e9rtelm\u00e9ben k\u00f6telez\u0151 k\u00f6vetelm\u00e9ny a vesz\u00e9lyes kever\u00e9kek forgalomba hozatal\u00e1hoz. Az UFI l\u00e9trehoz\u00e1sa a legegyszer\u0171bb r\u00e9sz.  A PCN-jelent\u00e9s azonban \u00f6sszetett. R\u00e9szletes \u00f6sszetev\u0151-fel\u00fclvizsg\u00e1latot ig\u00e9nyel &#8211; k\u00e9miai besorol\u00e1sokat -, amelyeket pontosan a m\u00e9rgez\u0151 k\u00f6zpontok ECHA-n kereszt\u00fcl t\u00f6rt\u00e9n\u0151 beny\u00fajt\u00e1s\u00e1hoz kell form\u00e1zni. <\/p>\n<h3>K\u00e9rd\u00e9s: Hogyan ny\u00fajthatok be PCN-t?<\/h3>\n<p>Megold\u00e1st k\u00edn\u00e1lunk olyan v\u00e1llalatok sz\u00e1m\u00e1ra, amelyek sz\u00e9khelye nem az EU-ban van. Tov\u00e1bbi inform\u00e1ci\u00f3kat a <a href=\"https:\/\/www.ufi.eu\/hu\/pcn\/eu-n-kivul\/pcn-es-ufi-nem-unios-vallalatok-szamara\/\" target=\"_blank\" rel=\"noopener\">PCN &amp; UFI nem uni\u00f3s v\u00e1llalatok sz\u00e1m\u00e1ra<\/a> c\u00edm\u0171 oldalon tal\u00e1l. <\/p>\n<h3>K\u00e9rd\u00e9s: Tudnak-e biztons\u00e1gi adatlapokat biztos\u00edtani, amelyek teljes m\u00e9rt\u00e9kben megfelelnek az uni\u00f3s rendeleteknek (REACH \u00e9s CLP)?<\/h3>\n<p>Igen, megtehetj\u00fck. <a href=\"https:\/\/www.ufi.eu\/hu\/pcn\/biztonsagi-adatlap\/biztonsagi-adatlap-msds-sds-keszitesi-szolgaltatas\/\" target=\"_blank\"><strong>biztons\u00e1gi adatlapokat (SDS) k\u00e9sz\u00edthet\u00fcnk<\/strong><\/a>&#8211; m\u00e1s n\u00e9ven <strong>anyagbiztons\u00e1gi adatlapokat (MSDS<\/strong>) &#8211; az \u00d6n term\u00e9k\u00e9re szabottan \u00e9s a leg\u00fajabb uni\u00f3s el\u0151\u00edr\u00e1soknak megfelel\u0151en. Ak\u00e1r vegyi anyagkever\u00e9keket gy\u00e1rt, ak\u00e1r term\u00e9keket import\u00e1l az EU-ba, ak\u00e1r saj\u00e1t m\u00e1rkan\u00e9v alatt forgalmaz, a jogszab\u00e1lyoknak megfelel\u0151 SDS a biztons\u00e1gos haszn\u00e1lathoz az ell\u00e1t\u00e1si l\u00e1nc eg\u00e9sz\u00e9ben elengedhetetlen. Tov\u00e1bbi inform\u00e1ci\u00f3kat a <a href=\"https:\/\/www.ufi.eu\/hu\/pcn\/biztonsagi-adatlap\/biztonsagi-adatlap-msds-sds-keszitesi-szolgaltatas\/\" target=\"_blank\">Biztons\u00e1gi adatlap (MSDS\/SDS) k\u00e9sz\u00edt\u00e9si szolg\u00e1ltat\u00e1s<\/a> oldalon tal\u00e1l.  <\/p>\n","protected":false},"excerpt":{"rendered":"<p>Hogyan m\u0171k\u00f6dik az UFI l\u00e9trehoz\u00e1sa \u00e9s a PCN-\u00e9rtes\u00edt\u00e9si szolg\u00e1ltat\u00e1s? A szolg\u00e1ltat\u00e1s megv\u00e1s\u00e1rl\u00e1sa ut\u00e1n hozz\u00e1f\u00e9r\u00e9st kap a biztons\u00e1gos port\u00e1lhoz. Ez a port\u00e1l tartalmazza az \u00f6sszes l\u00e9p\u00e9s \u00e1ttekint\u00e9s\u00e9t. \u00d6n kit\u00f6lti a term\u00e9k adatait, mi pedig munk\u00e1hoz l\u00e1tunk. M\u00e9regtelen\u00edt\u0151 k\u00f6zpont \u00e9rtes\u00edt\u00e9se \u00e9s UFI Mi biztos\u00edtjuk: A term\u00e9k egyedi k\u00e9pletazonos\u00edt\u00f3ja (UFI) A m\u00e9rgez\u0151 k\u00f6zpont \u00e9rtes\u00edt\u00e9se (PCN) jelent\u00e9se A term\u00e9k [&hellip;]<\/p>\n","protected":false},"featured_media":21612,"template":"","meta":[],"product_brand":[],"product_cat":[981,982],"product_tag":[],"class_list":{"0":"post-21611","1":"product","2":"type-product","3":"status-publish","4":"has-post-thumbnail","6":"product_cat-tintak","7":"product_cat-tonerek-es-kapcsolodo-nyomdai-anyagok","9":"first","10":"instock","11":"virtual","12":"taxable","13":"purchasable","14":"product-type-bundle"},"bundled_by":[],"bundle_stock_status":"instock","bundle_stock_quantity":"","bundle_virtual":false,"bundle_layout":"default","bundle_add_to_cart_form_location":"default","bundle_editable_in_cart":false,"bundle_sold_individually_context":"product","bundle_item_grouping":"parent","bundle_min_size":"","bundle_max_size":"","bundle_price":{"price":{"min":{"incl_tax":"121","excl_tax":"100"},"max":{"incl_tax":"","excl_tax":""}},"regular_price":{"min":{"incl_tax":"121","excl_tax":"100"},"max":{"incl_tax":"","excl_tax":""}}},"bundled_items":[{"bundled_item_id":10342,"product_id":12548,"menu_order":0,"quantity_min":1,"quantity_max":1,"quantity_default":1,"priced_individually":true,"shipped_individually":false,"override_title":false,"title":null,"override_description":false,"description":null,"optional":false,"hide_thumbnail":false,"discount":"","override_variations":false,"allowed_variations":[""],"override_default_variation_attributes":false,"default_variation_attributes":[],"single_product_visibility":"visible","cart_visibility":"visible","order_visibility":"visible","single_product_price_visibility":"visible","cart_price_visibility":"visible","order_price_visibility":"visible","stock_status":"in_stock"},{"bundled_item_id":10343,"product_id":12542,"menu_order":1,"quantity_min":1,"quantity_max":"","quantity_default":1,"priced_individually":true,"shipped_individually":false,"override_title":false,"title":null,"override_description":false,"description":null,"optional":false,"hide_thumbnail":false,"discount":"","override_variations":false,"allowed_variations":[""],"override_default_variation_attributes":false,"default_variation_attributes":[],"single_product_visibility":"visible","cart_visibility":"visible","order_visibility":"visible","single_product_price_visibility":"visible","cart_price_visibility":"visible","order_price_visibility":"visible","stock_status":"in_stock"}],"bundle_sell_ids":[],"yoast_head":"<!-- This site is optimized with the Yoast SEO Premium plugin v25.1 (Yoast SEO v25.1) - https:\/\/yoast.com\/wordpress\/plugins\/seo\/ -->\n<title>PCN \u00e9s UFI tint\u00e1k \u00e9s pigmentek eset\u00e9ben (kiv\u00e9ve a tetov\u00e1l\u00f3 tint\u00e1kat) - UFI<\/title>\n<meta name=\"description\" content=\"PCN \u00e9s UFI beszerz\u00e9se tint\u00e1kra \u00e9s pigmentekre (kiv\u00e9ve a tetov\u00e1l\u00f3 tint\u00e1kat). Biztos\u00edtsa az EU m\u00e9rgez\u0151 k\u00f6zpontj\u00e1nak val\u00f3 megfelel\u00e9st a mi gyors\" \/>\n<meta name=\"robots\" content=\"index, follow, max-snippet:-1, max-image-preview:large, max-video-preview:-1\" \/>\n<link rel=\"canonical\" href=\"https:\/\/www.ufi.eu\/hu\/product\/pcn-es-ufi-tintak-es-pigmentek-eseteben-kiveve-a-tetovalo-tintakat\/\" \/>\n<meta property=\"og:locale\" content=\"hu_HU\" \/>\n<meta property=\"og:type\" content=\"article\" \/>\n<meta property=\"og:title\" content=\"PCN \u00e9s UFI tint\u00e1k \u00e9s pigmentek eset\u00e9ben (kiv\u00e9ve a tetov\u00e1l\u00f3 tint\u00e1kat)\" \/>\n<meta property=\"og:description\" content=\"PCN \u00e9s UFI beszerz\u00e9se tint\u00e1kra \u00e9s pigmentekre (kiv\u00e9ve a tetov\u00e1l\u00f3 tint\u00e1kat). Biztos\u00edtsa az EU m\u00e9rgez\u0151 k\u00f6zpontj\u00e1nak val\u00f3 megfelel\u00e9st a mi gyors\" \/>\n<meta property=\"og:url\" content=\"https:\/\/www.ufi.eu\/hu\/product\/pcn-es-ufi-tintak-es-pigmentek-eseteben-kiveve-a-tetovalo-tintakat\/\" \/>\n<meta property=\"og:site_name\" content=\"UFI\" \/>\n<meta property=\"og:image\" content=\"https:\/\/www.ufi.eu\/wp-content\/uploads\/2025\/03\/PC-INK.jpg\" \/>\n\t<meta property=\"og:image:width\" content=\"1024\" \/>\n\t<meta property=\"og:image:height\" content=\"1024\" \/>\n\t<meta property=\"og:image:type\" content=\"image\/jpeg\" \/>\n<meta name=\"twitter:card\" content=\"summary_large_image\" \/>\n<meta name=\"twitter:label1\" content=\"\u00c1r\" \/>\n\t<meta name=\"twitter:data1\" content=\"&euro;0.00\" \/>\n\t<meta name=\"twitter:label2\" content=\"El\u00e9rhet\u0151s\u00e9g\" \/>\n\t<meta name=\"twitter:data2\" content=\"K\u00e9szleten\" \/>\n<script type=\"application\/ld+json\" class=\"yoast-schema-graph\">{\"@context\":\"https:\/\/schema.org\",\"@graph\":[{\"@type\":\"WebPage\",\"@id\":\"https:\/\/www.ufi.eu\/hu\/product\/pcn-es-ufi-tintak-es-pigmentek-eseteben-kiveve-a-tetovalo-tintakat\/\",\"url\":\"https:\/\/www.ufi.eu\/hu\/product\/pcn-es-ufi-tintak-es-pigmentek-eseteben-kiveve-a-tetovalo-tintakat\/\",\"name\":\"PCN \u00e9s UFI tint\u00e1k \u00e9s pigmentek eset\u00e9ben (kiv\u00e9ve a tetov\u00e1l\u00f3 tint\u00e1kat) - UFI\",\"isPartOf\":{\"@id\":\"https:\/\/www.ufi.eu\/hu\/#website\"},\"primaryImageOfPage\":{\"@id\":\"https:\/\/www.ufi.eu\/hu\/product\/pcn-es-ufi-tintak-es-pigmentek-eseteben-kiveve-a-tetovalo-tintakat\/#primaryimage\"},\"image\":{\"@id\":\"https:\/\/www.ufi.eu\/hu\/product\/pcn-es-ufi-tintak-es-pigmentek-eseteben-kiveve-a-tetovalo-tintakat\/#primaryimage\"},\"thumbnailUrl\":\"https:\/\/www.ufi.eu\/wp-content\/uploads\/2025\/03\/PC-INK.jpg\",\"datePublished\":\"2025-04-17T10:11:36+00:00\",\"description\":\"PCN \u00e9s UFI beszerz\u00e9se tint\u00e1kra \u00e9s pigmentekre (kiv\u00e9ve a tetov\u00e1l\u00f3 tint\u00e1kat). Biztos\u00edtsa az EU m\u00e9rgez\u0151 k\u00f6zpontj\u00e1nak val\u00f3 megfelel\u00e9st a mi gyors\",\"breadcrumb\":{\"@id\":\"https:\/\/www.ufi.eu\/hu\/product\/pcn-es-ufi-tintak-es-pigmentek-eseteben-kiveve-a-tetovalo-tintakat\/#breadcrumb\"},\"inLanguage\":\"hu\",\"potentialAction\":[{\"@type\":\"ReadAction\",\"target\":[\"https:\/\/www.ufi.eu\/hu\/product\/pcn-es-ufi-tintak-es-pigmentek-eseteben-kiveve-a-tetovalo-tintakat\/\"]}]},{\"@type\":\"ImageObject\",\"inLanguage\":\"hu\",\"@id\":\"https:\/\/www.ufi.eu\/hu\/product\/pcn-es-ufi-tintak-es-pigmentek-eseteben-kiveve-a-tetovalo-tintakat\/#primaryimage\",\"url\":\"https:\/\/www.ufi.eu\/wp-content\/uploads\/2025\/03\/PC-INK.jpg\",\"contentUrl\":\"https:\/\/www.ufi.eu\/wp-content\/uploads\/2025\/03\/PC-INK.jpg\",\"width\":1024,\"height\":1024},{\"@type\":\"BreadcrumbList\",\"@id\":\"https:\/\/www.ufi.eu\/hu\/product\/pcn-es-ufi-tintak-es-pigmentek-eseteben-kiveve-a-tetovalo-tintakat\/#breadcrumb\",\"itemListElement\":[{\"@type\":\"ListItem\",\"position\":1,\"name\":\"Home\",\"item\":\"https:\/\/www.ufi.eu\/hu\/home\/\"},{\"@type\":\"ListItem\",\"position\":2,\"name\":\"Bolt\",\"item\":\"https:\/\/www.ufi.eu\/hu\/bolt\/\"},{\"@type\":\"ListItem\",\"position\":3,\"name\":\"PCN \u00e9s UFI tint\u00e1k \u00e9s pigmentek eset\u00e9ben (kiv\u00e9ve a tetov\u00e1l\u00f3 tint\u00e1kat)\"}]},{\"@type\":\"WebSite\",\"@id\":\"https:\/\/www.ufi.eu\/hu\/#website\",\"url\":\"https:\/\/www.ufi.eu\/hu\/\",\"name\":\"UFI.EU\",\"description\":\"Poison Centre Notifications (PCN) and UFI\",\"publisher\":{\"@id\":\"https:\/\/www.ufi.eu\/hu\/#organization\"},\"potentialAction\":[{\"@type\":\"SearchAction\",\"target\":{\"@type\":\"EntryPoint\",\"urlTemplate\":\"https:\/\/www.ufi.eu\/hu\/?s={search_term_string}\"},\"query-input\":{\"@type\":\"PropertyValueSpecification\",\"valueRequired\":true,\"valueName\":\"search_term_string\"}}],\"inLanguage\":\"hu\"},{\"@type\":\"Organization\",\"@id\":\"https:\/\/www.ufi.eu\/hu\/#organization\",\"name\":\"UFI.EU\",\"url\":\"https:\/\/www.ufi.eu\/hu\/\",\"logo\":{\"@type\":\"ImageObject\",\"inLanguage\":\"hu\",\"@id\":\"https:\/\/www.ufi.eu\/hu\/#\/schema\/logo\/image\/\",\"url\":\"https:\/\/www.ufi.eu\/wp-content\/uploads\/2025\/03\/cropped-logo_ufi3.jpg\",\"contentUrl\":\"https:\/\/www.ufi.eu\/wp-content\/uploads\/2025\/03\/cropped-logo_ufi3.jpg\",\"width\":231,\"height\":78,\"caption\":\"UFI.EU\"},\"image\":{\"@id\":\"https:\/\/www.ufi.eu\/hu\/#\/schema\/logo\/image\/\"},\"description\":\"UFI.eu specializes in digital registrations for Poison Centre Notifications (PCN), ensuring your chemical products meet EU regulatory requirements effortlessly. Our streamlined solutions help businesses stay compliant while reducing complexity and administrative burden.\",\"email\":\"info@ufi.eu\",\"legalName\":\"UFI.EU\"}]}<\/script>\n<meta property=\"product:price:amount\" content=\"0.00\" \/>\n<meta property=\"product:price:currency\" content=\"EUR\" \/>\n<meta property=\"og:availability\" content=\"instock\" \/>\n<meta property=\"product:availability\" content=\"instock\" \/>\n<meta property=\"product:retailer_item_id\" content=\"PC-INK\" \/>\n<meta property=\"product:condition\" content=\"new\" \/>\n<!-- \/ Yoast SEO Premium plugin. -->","yoast_head_json":{"title":"PCN \u00e9s UFI tint\u00e1k \u00e9s pigmentek eset\u00e9ben (kiv\u00e9ve a tetov\u00e1l\u00f3 tint\u00e1kat) - UFI","description":"PCN \u00e9s UFI beszerz\u00e9se tint\u00e1kra \u00e9s pigmentekre (kiv\u00e9ve a tetov\u00e1l\u00f3 tint\u00e1kat). Biztos\u00edtsa az EU m\u00e9rgez\u0151 k\u00f6zpontj\u00e1nak val\u00f3 megfelel\u00e9st a mi gyors","robots":{"index":"index","follow":"follow","max-snippet":"max-snippet:-1","max-image-preview":"max-image-preview:large","max-video-preview":"max-video-preview:-1"},"canonical":"https:\/\/www.ufi.eu\/hu\/product\/pcn-es-ufi-tintak-es-pigmentek-eseteben-kiveve-a-tetovalo-tintakat\/","og_locale":"hu_HU","og_type":"article","og_title":"PCN \u00e9s UFI tint\u00e1k \u00e9s pigmentek eset\u00e9ben (kiv\u00e9ve a tetov\u00e1l\u00f3 tint\u00e1kat)","og_description":"PCN \u00e9s UFI beszerz\u00e9se tint\u00e1kra \u00e9s pigmentekre (kiv\u00e9ve a tetov\u00e1l\u00f3 tint\u00e1kat). Biztos\u00edtsa az EU m\u00e9rgez\u0151 k\u00f6zpontj\u00e1nak val\u00f3 megfelel\u00e9st a mi gyors","og_url":"https:\/\/www.ufi.eu\/hu\/product\/pcn-es-ufi-tintak-es-pigmentek-eseteben-kiveve-a-tetovalo-tintakat\/","og_site_name":"UFI","og_image":[{"width":1024,"height":1024,"url":"https:\/\/www.ufi.eu\/wp-content\/uploads\/2025\/03\/PC-INK.jpg","type":"image\/jpeg"}],"twitter_card":"summary_large_image","twitter_misc":{"\u00c1r":"&euro;0.00","El\u00e9rhet\u0151s\u00e9g":"K\u00e9szleten"},"schema":{"@context":"https:\/\/schema.org","@graph":[{"@type":"WebPage","@id":"https:\/\/www.ufi.eu\/hu\/product\/pcn-es-ufi-tintak-es-pigmentek-eseteben-kiveve-a-tetovalo-tintakat\/","url":"https:\/\/www.ufi.eu\/hu\/product\/pcn-es-ufi-tintak-es-pigmentek-eseteben-kiveve-a-tetovalo-tintakat\/","name":"PCN \u00e9s UFI tint\u00e1k \u00e9s pigmentek eset\u00e9ben (kiv\u00e9ve a tetov\u00e1l\u00f3 tint\u00e1kat) - UFI","isPartOf":{"@id":"https:\/\/www.ufi.eu\/hu\/#website"},"primaryImageOfPage":{"@id":"https:\/\/www.ufi.eu\/hu\/product\/pcn-es-ufi-tintak-es-pigmentek-eseteben-kiveve-a-tetovalo-tintakat\/#primaryimage"},"image":{"@id":"https:\/\/www.ufi.eu\/hu\/product\/pcn-es-ufi-tintak-es-pigmentek-eseteben-kiveve-a-tetovalo-tintakat\/#primaryimage"},"thumbnailUrl":"https:\/\/www.ufi.eu\/wp-content\/uploads\/2025\/03\/PC-INK.jpg","datePublished":"2025-04-17T10:11:36+00:00","description":"PCN \u00e9s UFI beszerz\u00e9se tint\u00e1kra \u00e9s pigmentekre (kiv\u00e9ve a tetov\u00e1l\u00f3 tint\u00e1kat). Biztos\u00edtsa az EU m\u00e9rgez\u0151 k\u00f6zpontj\u00e1nak val\u00f3 megfelel\u00e9st a mi gyors","breadcrumb":{"@id":"https:\/\/www.ufi.eu\/hu\/product\/pcn-es-ufi-tintak-es-pigmentek-eseteben-kiveve-a-tetovalo-tintakat\/#breadcrumb"},"inLanguage":"hu","potentialAction":[{"@type":"ReadAction","target":["https:\/\/www.ufi.eu\/hu\/product\/pcn-es-ufi-tintak-es-pigmentek-eseteben-kiveve-a-tetovalo-tintakat\/"]}]},{"@type":"ImageObject","inLanguage":"hu","@id":"https:\/\/www.ufi.eu\/hu\/product\/pcn-es-ufi-tintak-es-pigmentek-eseteben-kiveve-a-tetovalo-tintakat\/#primaryimage","url":"https:\/\/www.ufi.eu\/wp-content\/uploads\/2025\/03\/PC-INK.jpg","contentUrl":"https:\/\/www.ufi.eu\/wp-content\/uploads\/2025\/03\/PC-INK.jpg","width":1024,"height":1024},{"@type":"BreadcrumbList","@id":"https:\/\/www.ufi.eu\/hu\/product\/pcn-es-ufi-tintak-es-pigmentek-eseteben-kiveve-a-tetovalo-tintakat\/#breadcrumb","itemListElement":[{"@type":"ListItem","position":1,"name":"Home","item":"https:\/\/www.ufi.eu\/hu\/home\/"},{"@type":"ListItem","position":2,"name":"Bolt","item":"https:\/\/www.ufi.eu\/hu\/bolt\/"},{"@type":"ListItem","position":3,"name":"PCN \u00e9s UFI tint\u00e1k \u00e9s pigmentek eset\u00e9ben (kiv\u00e9ve a tetov\u00e1l\u00f3 tint\u00e1kat)"}]},{"@type":"WebSite","@id":"https:\/\/www.ufi.eu\/hu\/#website","url":"https:\/\/www.ufi.eu\/hu\/","name":"UFI.EU","description":"Poison Centre Notifications (PCN) and UFI","publisher":{"@id":"https:\/\/www.ufi.eu\/hu\/#organization"},"potentialAction":[{"@type":"SearchAction","target":{"@type":"EntryPoint","urlTemplate":"https:\/\/www.ufi.eu\/hu\/?s={search_term_string}"},"query-input":{"@type":"PropertyValueSpecification","valueRequired":true,"valueName":"search_term_string"}}],"inLanguage":"hu"},{"@type":"Organization","@id":"https:\/\/www.ufi.eu\/hu\/#organization","name":"UFI.EU","url":"https:\/\/www.ufi.eu\/hu\/","logo":{"@type":"ImageObject","inLanguage":"hu","@id":"https:\/\/www.ufi.eu\/hu\/#\/schema\/logo\/image\/","url":"https:\/\/www.ufi.eu\/wp-content\/uploads\/2025\/03\/cropped-logo_ufi3.jpg","contentUrl":"https:\/\/www.ufi.eu\/wp-content\/uploads\/2025\/03\/cropped-logo_ufi3.jpg","width":231,"height":78,"caption":"UFI.EU"},"image":{"@id":"https:\/\/www.ufi.eu\/hu\/#\/schema\/logo\/image\/"},"description":"UFI.eu specializes in digital registrations for Poison Centre Notifications (PCN), ensuring your chemical products meet EU regulatory requirements effortlessly. Our streamlined solutions help businesses stay compliant while reducing complexity and administrative burden.","email":"info@ufi.eu","legalName":"UFI.EU"}]},"product_price_amount":"0.00","product_price_currency":"EUR","og_availability":"instock","product_availability":"instock","product_retailer_item_id":"PC-INK","product_condition":"new"},"_links":{"self":[{"href":"https:\/\/www.ufi.eu\/hu\/wp-json\/wp\/v2\/product\/21611","targetHints":{"allow":["GET"]}}],"collection":[{"href":"https:\/\/www.ufi.eu\/hu\/wp-json\/wp\/v2\/product"}],"about":[{"href":"https:\/\/www.ufi.eu\/hu\/wp-json\/wp\/v2\/types\/product"}],"wp:featuredmedia":[{"embeddable":true,"href":"https:\/\/www.ufi.eu\/hu\/wp-json\/wp\/v2\/media\/21612"}],"wp:attachment":[{"href":"https:\/\/www.ufi.eu\/hu\/wp-json\/wp\/v2\/media?parent=21611"}],"wp:term":[{"taxonomy":"product_brand","embeddable":true,"href":"https:\/\/www.ufi.eu\/hu\/wp-json\/wp\/v2\/product_brand?post=21611"},{"taxonomy":"product_cat","embeddable":true,"href":"https:\/\/www.ufi.eu\/hu\/wp-json\/wp\/v2\/product_cat?post=21611"},{"taxonomy":"product_tag","embeddable":true,"href":"https:\/\/www.ufi.eu\/hu\/wp-json\/wp\/v2\/product_tag?post=21611"}],"curies":[{"name":"wp","href":"https:\/\/api.w.org\/{rel}","templated":true}]}}