{"id":19895,"date":"2025-03-20T08:26:43","date_gmt":"2025-04-17T09:05:19","guid":{"rendered":"https:\/\/www.ufi.eu\/pcn\/nem-kategorizalt\/pcn-es-ufi-a-fenykepeszeti-feldolgozo-vegyszerekhez\/"},"modified":"2025-04-17T09:05:19","modified_gmt":"2025-04-17T09:05:19","slug":"pcn-es-ufi-a-fenykepeszeti-feldolgozo-vegyszerekhez","status":"publish","type":"product","link":"https:\/\/www.ufi.eu\/hu\/product\/pcn-es-ufi-a-fenykepeszeti-feldolgozo-vegyszerekhez\/","title":{"rendered":"PCN \u00e9s UFI a f\u00e9nyk\u00e9p\u00e9szeti feldolgoz\u00f3 vegyszerekhez"},"content":{"rendered":"<h2>Hogyan m\u0171k\u00f6dik az UFI l\u00e9trehoz\u00e1sa \u00e9s a PCN-\u00e9rtes\u00edt\u00e9si szolg\u00e1ltat\u00e1s?<\/h2>\n<p>A szolg\u00e1ltat\u00e1s megv\u00e1s\u00e1rl\u00e1sa ut\u00e1n hozz\u00e1f\u00e9r\u00e9st kap a biztons\u00e1gos port\u00e1lhoz. Ez a port\u00e1l tartalmazza az \u00f6sszes l\u00e9p\u00e9s \u00e1ttekint\u00e9s\u00e9t.  \u00d6n kit\u00f6lti a term\u00e9k adatait, mi pedig munk\u00e1hoz l\u00e1tunk.<\/p>\n<h3>M\u00e9regtelen\u00edt\u0151 k\u00f6zpont \u00e9rtes\u00edt\u00e9se \u00e9s UFI<\/h3>\n<p>Mi biztos\u00edtjuk:<\/p>\n<ul>\n<li>A term\u00e9k egyedi k\u00e9pletazonos\u00edt\u00f3ja (UFI)<\/li>\n<li>A m\u00e9rgez\u0151 k\u00f6zpont \u00e9rtes\u00edt\u00e9se (PCN) jelent\u00e9se<\/li>\n<li>A term\u00e9k regisztr\u00e1l\u00e1sa az ECHA-n kereszt\u00fcl az illet\u00e9kes nemzeti m\u00e9rgez\u0151 k\u00f6zpontokn\u00e1l.<\/li>\n<\/ul>\n<h3>A PCN-regisztr\u00e1ci\u00f3 orsz\u00e1gai<\/h3>\n<p>Megsz\u00e1molhatja, hogy h\u00e1ny orsz\u00e1gban szeretn\u00e9 regisztr\u00e1lni a term\u00e9k\u00e9t. Ennyi orsz\u00e1got kell megv\u00e1s\u00e1rolnia.  A port\u00e1lon bel\u00fcl ki tudja majd v\u00e1lasztani az egyes orsz\u00e1gokat. Ha azt tervezi, hogy k\u00e9s\u0151bb \u00faj orsz\u00e1gokra is kiterjeszti term\u00e9keinek \u00e9rt\u00e9kes\u00edt\u00e9s\u00e9t, akkor b\u00e1rmikor megrendelhet tov\u00e1bbi <a href=\"https:\/\/www.ufi.eu\/hu\/pcn\/orszagok\/a-pcn-regisztracio-orszagai\/\" target=\"_blank\" title=\"PCN orsz\u00e1gos regisztr\u00e1ci\u00f3k\">PCN orsz\u00e1gregisztr\u00e1ci\u00f3kat<\/a>.<br \/>Az EU 27 orsz\u00e1gb\u00f3l \u00e1ll, az EGT pedig 30 orsz\u00e1gb\u00f3l (EU+Lichtenstein, Norv\u00e9gia \u00e9s Izland) A port\u00e1lon ezeket az orsz\u00e1gokat v\u00e1laszthatja ki: <\/p>\n<table cellpadding=\"2\" cellspacing=\"0\" border=\"1\">\n<tbody>\n<tr>\n<td>Belgium<\/td>\n<td>(BE)<\/td>\n<td>Spanyolorsz\u00e1g<\/td>\n<td>(ES)<\/td>\n<td>Magyarorsz\u00e1g<\/td>\n<td>(HU)<\/td>\n<td>Szlov\u00e1kia<\/td>\n<td>(SK)<\/td>\n<\/tr>\n<tr>\n<td>Bulg\u00e1ria<\/td>\n<td>(BG)<\/td>\n<td>Franciaorsz\u00e1g<\/td>\n<td>(FR)<\/td>\n<td>M\u00e1lta<\/td>\n<td>(MT)<\/td>\n<td>Finnorsz\u00e1g<\/td>\n<td>(FI)<\/td>\n<\/tr>\n<tr>\n<td>Csehorsz\u00e1g<\/td>\n<td>(CZ)<\/td>\n<td>Horv\u00e1torsz\u00e1g<\/td>\n<td>(HR)<\/td>\n<td>Hollandia<\/td>\n<td>(NL)<\/td>\n<td>Sv\u00e9dorsz\u00e1g<\/td>\n<td>(SE)<\/td>\n<\/tr>\n<tr>\n<td>D\u00e1nia<\/td>\n<td>(DK)<\/td>\n<td>Olaszorsz\u00e1g<\/td>\n<td>(IT)<\/td>\n<td>Ausztria<\/td>\n<td>(AT)<\/td>\n<td>N\u00e9metorsz\u00e1g<\/td>\n<td>(DE)<\/td>\n<\/tr>\n<tr>\n<td>Ciprus<\/td>\n<td>(CY)<\/td>\n<td>Lengyelorsz\u00e1g<\/td>\n<td>(PL)<\/td>\n<td>Izland<\/td>\n<td>(IS)<\/td>\n<td>\u00c9sztorsz\u00e1g<\/td>\n<td>(EE)<\/td>\n<\/tr>\n<tr>\n<td>Lettorsz\u00e1g<\/td>\n<td>(LV)<\/td>\n<td>Portug\u00e1lia<\/td>\n<td>(PT)<\/td>\n<td>Liechtenstein<\/td>\n<td>(LI)<\/td>\n<td>\u00cdrorsz\u00e1g<\/td>\n<td>(IE)<\/td>\n<\/tr>\n<tr>\n<td>Litv\u00e1nia<\/td>\n<td>(LT)<\/td>\n<td>Rom\u00e1nia<\/td>\n<td>(RO)<\/td>\n<td>Norv\u00e9gia<\/td>\n<td>(NEM)<\/td>\n<td>G\u00f6r\u00f6gorsz\u00e1g<\/td>\n<td>(EL)<\/td>\n<\/tr>\n<tr>\n<td>Luxemburg<\/td>\n<td>(LU)<\/td>\n<td>Szlov\u00e9nia<\/td>\n<td>(SI)<\/td>\n<td>Sv\u00e1jc*<\/td>\n<td>(CH)<\/td>\n<td><\/td>\n<td><\/td>\n<\/tr>\n<\/tbody>\n<\/table>\n<p>*Sv\u00e1jc eset\u00e9ben elk\u00e9sz\u00edthetj\u00fck a PCN-dosszi\u00e9t, amely tartalmazza az \u00f6sszes sz\u00fcks\u00e9ges inform\u00e1ci\u00f3t a sv\u00e1jci port\u00e1lon t\u00f6rt\u00e9n\u0151 beny\u00fajt\u00e1shoz. Tov\u00e1bbi inform\u00e1ci\u00f3\u00e9rt forduljon hozz\u00e1nk. <\/p>\n<h3>CLP-c\u00edmk\u00e9vel kapcsolatos inform\u00e1ci\u00f3k<\/h3>\n<p>Lehet\u0151s\u00e9get k\u00edn\u00e1lunk CLP-szabv\u00e1nynak megfelel\u0151 term\u00e9kc\u00edmke megv\u00e1s\u00e1rl\u00e1s\u00e1ra, amely az EU CLP-rendelet \u00e1ltal el\u0151\u00edrt \u00f6sszes k\u00f6telez\u0151 inform\u00e1ci\u00f3t tartalmazza. Ezt PDF form\u00e1tumban biztos\u00edtjuk.  Ez nem terv, hanem a sz\u00fcks\u00e9ges inform\u00e1ci\u00f3k \u00f6sszefoglal\u00e1sa. Ez lehet\u0151v\u00e9 teszi, hogy a sz\u00fcks\u00e9ges inform\u00e1ci\u00f3kat be\u00e9p\u00edtse a term\u00e9kc\u00edmke tervez\u00e9s\u00e9be. A <a href=\"https:\/\/www.ufi.eu\/hu\/pcn\/clp-cimke\/clp-cimke-letrehozasa-es-megfeleloseg-ellenorzes\/\" target=\"_blank\" title=\"CLP c\u00edmkeCreation\">CLP-c\u00edmkek\u00e9sz\u00edt\u00e9st<\/a> k\u00fcl\u00f6n is megrendelheti. M\u00e1r van c\u00edmk\u00e9je? &#8211; Elv\u00e9gezhetj\u00fck c\u00edmk\u00e9j\u00e9nek <a href=\"https:\/\/www.ufi.eu\/hu\/pcn\/clp-cimke\/clp-cimke-letrehozasa-es-megfeleloseg-ellenorzes\/\" target=\"_blank\" title=\"CLP-c\u00edmke megfelel\u0151s\u00e9g\u00e9nek ellen\u0151rz\u00e9se\">CLP-c\u00edmke-megfelel\u0151s\u00e9gi ellen\u0151rz\u00e9s\u00e9t<\/a> az aktu\u00e1lis CLP-k\u00f6vetelm\u00e9nyeknek megfelel\u0151en. R\u00e9szletes visszajelz\u00e9st \u00e9s korrekci\u00f3kat biztos\u00edtunk, hogy c\u00edmk\u00e9je megfeleljen a szab\u00e1lyoz\u00e1si el\u0151\u00edr\u00e1soknak.     <\/p>\n<h2>A fotok\u00e9miai anyagokra vonatkoz\u00f3 m\u00e9rgez\u00e9si k\u00f6zpont \u00e9rtes\u00edt\u00e9se<\/h2>\n<p>A fotok\u00e9miai anyagok a f\u00e9ny\u00e9rz\u00e9keny anyagok k\u00e9miai feldolgoz\u00e1s\u00e1hoz haszn\u00e1lt term\u00e9kek, bele\u00e9rtve a f\u00e9nyk\u00e9p\u00e9szeti fejleszt\u00e9shez \u00e9s nyomtat\u00e1shoz haszn\u00e1lt term\u00e9keket is. Ezek a vegyi anyagok akt\u00edv \u00f6sszetev\u0151ik \u00e9s reakt\u00edv term\u00e9szet\u00fck miatt k\u00fcl\u00f6nb\u00f6z\u0151 eg\u00e9szs\u00e9g\u00fcgyi \u00e9s k\u00f6rnyezeti vesz\u00e9lyeket jelenthetnek. A megfelel\u0151 biztons\u00e1gi int\u00e9zked\u00e9sek biztos\u00edt\u00e1sa \u00e9rdek\u00e9ben az uni\u00f3s rendeletek \u00e9rtelm\u00e9ben e term\u00e9kekhez m\u00e9rgez\u00e9svesz\u00e9lyes anyagokra vonatkoz\u00f3 bejelent\u00e9s (PCN) sz\u00fcks\u00e9ges. A PCN seg\u00edt kritikus biztons\u00e1gi inform\u00e1ci\u00f3kkal ell\u00e1tni a m\u00e9rgez\u0151 k\u00f6zpontokat, lehet\u0151v\u00e9 t\u00e9ve sz\u00e1mukra a hat\u00e9kony reag\u00e1l\u00e1st v\u00e9letlen expoz\u00edci\u00f3 vagy m\u00e9rgez\u00e9s eset\u00e9n.   <\/p>\n<h3>Mi az UFI?<\/h3>\n<p>Az egyedi k\u00e9pletazonos\u00edt\u00f3 (UFI) egy 16 karakteres alfanumerikus k\u00f3d, amely egyedileg azonos\u00edtja a fotok\u00e9miai term\u00e9k k\u00e9miai \u00f6sszet\u00e9tel\u00e9t. Az UFI-t fel kell t\u00fcntetni a term\u00e9k c\u00edmk\u00e9j\u00e9n, lehet\u0151v\u00e9 t\u00e9ve a m\u00e9rgez\u0151 k\u00f6zpontok \u00e9s a s\u00fcrg\u0151ss\u00e9gi seg\u00e9lyszolg\u00e1latok sz\u00e1m\u00e1ra, hogy expoz\u00edci\u00f3 eset\u00e9n gyorsan azonos\u00edtani tudj\u00e1k a term\u00e9ket. Ez a m\u00e9rgez\u0151 k\u00f6zpontok \u00e9rtes\u00edt\u00e9s\u00e9nek l\u00e9nyeges r\u00e9sze, \u00e9s seg\u00edt a v\u00e9szhelyzetek hat\u00e9kony kezel\u00e9s\u00e9ben.  <\/p>\n<h3>Mi az a PCN?<\/h3>\n<p>A M\u00e9regtelen\u00edt\u0151 k\u00f6zpont bejelent\u00e9se (PCN) egy k\u00f6telez\u0151en beny\u00fajtand\u00f3 dokumentum, amely r\u00e9szletes inform\u00e1ci\u00f3t ny\u00fajt a term\u00e9k k\u00e9miai \u00f6sszet\u00e9tel\u00e9r\u0151l, oszt\u00e1lyoz\u00e1s\u00e1r\u00f3l, vesz\u00e9lyess\u00e9gi c\u00edmk\u00e9z\u00e9s\u00e9r\u0151l \u00e9s rendeltet\u00e9sszer\u0171 haszn\u00e1lat\u00e1r\u00f3l. Fotok\u00e9miai anyagok eset\u00e9ben ez mag\u00e1ban foglalja a hat\u00f3anyagokra, a csomagol\u00e1sra \u00e9s a lehets\u00e9ges k\u00f6rnyezeti vagy eg\u00e9szs\u00e9g\u00fcgyi kock\u00e1zatokra vonatkoz\u00f3 inform\u00e1ci\u00f3kat. A PCN alapvet\u0151 fontoss\u00e1g\u00fa annak biztos\u00edt\u00e1s\u00e1hoz, hogy a m\u00e9rgez\u0151 k\u00f6zpontok pontos \u00e9s \u00e1tfog\u00f3 adatokkal rendelkezzenek, hogy hat\u00e9kony kezel\u00e9si tan\u00e1csokat tudjanak adni fotok\u00e9miai anyagoknak val\u00f3 expoz\u00edci\u00f3 eset\u00e9n.  <\/p>\n<h3>Mi az a CLP?<\/h3>\n<p>Az oszt\u00e1lyoz\u00e1sr\u00f3l, c\u00edmk\u00e9z\u00e9sr\u0151l \u00e9s csomagol\u00e1sr\u00f3l (CLP) sz\u00f3l\u00f3 rendelet biztos\u00edtja, hogy a vesz\u00e9lyes vegyi anyagokat, bele\u00e9rtve a fotok\u00e9miai anyagokat is, megfelel\u0151en oszt\u00e1lyozz\u00e1k \u00e9s c\u00edmk\u00e9zz\u00e9k eg\u00e9szs\u00e9g\u00fcgyi, fizikai \u00e9s k\u00f6rnyezeti kock\u00e1zataiknak megfelel\u0151en. A CLP-rendelet el\u0151\u00edrja, hogy a fotok\u00e9miai term\u00e9keken fel kell t\u00fcntetni a vesz\u00e9lyszimb\u00f3lumokat, az el\u0151vigy\u00e1zatoss\u00e1gi nyilatkozatokat \u00e9s az UFI-t, biztos\u00edtva a term\u00e9k biztons\u00e1gos kezel\u00e9s\u00e9t \u00e9s haszn\u00e1lat\u00e1t az EU biztons\u00e1gi szabv\u00e1nyainak megfelel\u0151en. <\/p>\n<h3>Mi az a M\u00e9regk\u00f6zpont?<\/h3>\n<p>A M\u00e9regk\u00f6zpont a nemzeti m\u00e9rgez\u0151 k\u00f6zpontok h\u00e1l\u00f3zata Eur\u00f3pa-szerte, amely a vegyi expoz\u00edci\u00f3 \u00e9s m\u00e9rgez\u00e9s eseteit kezeli. A fotok\u00e9miai anyagok eset\u00e9ben a M\u00e9regk\u00f6zpont a PCN-ben megadott adatokat haszn\u00e1lja fel, hogy seg\u00edtse az eg\u00e9szs\u00e9g\u00fcgyi szakembereket a konkr\u00e9t vegyi vesz\u00e9lyek azonos\u00edt\u00e1s\u00e1ban \u00e9s hat\u00e9kony s\u00fcrg\u0151ss\u00e9gi tan\u00e1csad\u00e1sban. Ez biztos\u00edtja, hogy a v\u00e9letlen expoz\u00edci\u00f3 \u00e1ldozatai azonnali \u00e9s pontos orvosi seg\u00edts\u00e9get kapjanak.  <\/p>\n<h3>Mi\u00e9rt van erre sz\u00fcks\u00e9g?<\/h3>\n<p>A fotok\u00e9miai anyagok gyakran tartalmaznak olyan hat\u00f3anyagokat, amelyek m\u00e9rgez\u0151ek, irrit\u00e1l\u00f3ak vagy vesz\u00e9lyesek az eg\u00e9szs\u00e9gre \u00e9s a k\u00f6rnyezetre. A PCN biztos\u00edtja, hogy a m\u00e9rgez\u0151 k\u00f6zpontok minden sz\u00fcks\u00e9ges adattal rendelkezzenek ahhoz, hogy megfelel\u0151en reag\u00e1lhassanak az expoz\u00edci\u00f3s esem\u00e9nyekre. Alapvet\u0151 fontoss\u00e1g\u00fa az id\u0151ben t\u00f6rt\u00e9n\u0151 \u00e9s hat\u00e9kony els\u0151seg\u00e9lyny\u00fajt\u00e1s, orvosi kezel\u00e9s \u00e9s v\u00e9szhelyzeti reag\u00e1l\u00e1si strat\u00e9gi\u00e1k biztos\u00edt\u00e1s\u00e1hoz, ez\u00e1ltal cs\u00f6kkentve az egy\u00e9nek \u00e9s a k\u00f6rnyezet k\u00e1rosod\u00e1s\u00e1nak kock\u00e1zat\u00e1t.  <\/p>\n<h3>Mi\u00f3ta k\u00f6telez\u0151 ez t\u00f6rv\u00e9ny szerint?<\/h3>\n<p>A CLP-rendelet VIII. mell\u00e9klete szerint 2021. janu\u00e1r 1-j\u00e9n k\u00f6telez\u0151v\u00e9 v\u00e1lt a vesz\u00e9lyes kever\u00e9kek, k\u00f6zt\u00fck a fotok\u00e9miai anyagok PCN beny\u00fajt\u00e1sa. Ez a k\u00f6telezetts\u00e9g minden, az EU piac\u00e1n forgalomba hozott vesz\u00e9lyes vegyi term\u00e9kre vonatkozik. <\/p>\n<h2>GYIK<\/h2>\n<h3>K\u00e9rd\u00e9s: Minden fotok\u00e9miai anyaghoz sz\u00fcks\u00e9ges-e PCN?<\/h3>\n<p>V\u00e1lasz: Nem, csak a CLP-rendelet szerint vesz\u00e9lyesnek min\u0151s\u00edtett fotok\u00e9miai anyagok eset\u00e9ben van sz\u00fcks\u00e9g PCN beny\u00fajt\u00e1s\u00e1ra.<\/p>\n<h3>K\u00e9rd\u00e9s: Mi az UFI \u00e9s hol kell elhelyezni?<\/h3>\n<p>V\u00e1lasz: Az UFI egy egyedi, 16 karakteres alfanumerikus k\u00f3d, amelyet a term\u00e9k k\u00e9miai \u00f6sszet\u00e9tel\u00e9nek azonos\u00edt\u00e1s\u00e1ra haszn\u00e1lnak. Ezt a k\u00f3dot a term\u00e9k c\u00edmk\u00e9j\u00e9n fel kell t\u00fcntetni, az egy\u00e9b vesz\u00e9lyes inform\u00e1ci\u00f3kkal, p\u00e9ld\u00e1ul a biztons\u00e1gi figyelmeztet\u00e9sekkel \u00e9s az el\u0151vigy\u00e1zatoss\u00e1gi nyilatkozatokkal egy\u00fctt. <\/p>\n<h3>K\u00e9rd\u00e9s: Milyen inform\u00e1ci\u00f3kra van sz\u00fcks\u00e9g a fotok\u00e9miai anyagokra vonatkoz\u00f3 PCN kit\u00f6lt\u00e9s\u00e9hez?<\/h3>\n<p>V\u00e1lasz: A fotok\u00e9miai term\u00e9kekre vonatkoz\u00f3 PCN-hez a term\u00e9k k\u00e9miai \u00f6sszet\u00e9tel\u00e9re, vesz\u00e9lyess\u00e9gi oszt\u00e1lyoz\u00e1s\u00e1ra, csomagol\u00e1s\u00e1ra, tervezett felhaszn\u00e1l\u00e1s\u00e1ra \u00e9s az UFI-ra vonatkoz\u00f3 inform\u00e1ci\u00f3kra van sz\u00fcks\u00e9g. A term\u00e9kkel kapcsolatos potenci\u00e1lis eg\u00e9szs\u00e9g\u00fcgyi \u00e9s k\u00f6rnyezeti kock\u00e1zatokra vonatkoz\u00f3 r\u00e9szleteket is meg kell adni. <\/p>\n<h3>K\u00e9rd\u00e9s: Ki a felel\u0151s a fotok\u00e9miai anyagokra vonatkoz\u00f3 PCN beny\u00fajt\u00e1s\u00e1\u00e9rt?<\/h3>\n<p>V\u00e1lasz: A PCN beny\u00fajt\u00e1s\u00e1\u00e9rt az a gy\u00e1rt\u00f3, import\u0151r vagy tov\u00e1bbfelhaszn\u00e1l\u00f3 felel\u0151s, aki a fotok\u00e9miai term\u00e9ket az EU piac\u00e1n forgalomba hozza.<\/p>\n<h3>K\u00e9rd\u00e9s: Mi t\u00f6rt\u00e9nik, ha nem ny\u00fajtanak be PCN-t a fotok\u00e9miai anyagokr\u00f3l?<\/h3>\n<p>V\u00e1lasz: A PCN beny\u00fajt\u00e1s\u00e1nak elmulaszt\u00e1sa szankci\u00f3kat, term\u00e9kvisszah\u00edv\u00e1st vagy a term\u00e9k \u00e9rt\u00e9kes\u00edt\u00e9s\u00e9nek korl\u00e1toz\u00e1s\u00e1t vonhatja maga ut\u00e1n az EU piac\u00e1n. Az expoz\u00edci\u00f3 eset\u00e9n a s\u00fcrg\u0151ss\u00e9gi orvosi beavatkoz\u00e1s k\u00e9sedelm\u00e9t is eredm\u00e9nyezheti. <\/p>\n<h3>K\u00e9rd\u00e9s: Minden fotok\u00e9miai term\u00e9kre vonatkozik-e a PCN-k\u00f6vetelm\u00e9ny?<\/h3>\n<p>V\u00e1lasz: Nem, csak a CLP-rendelet szerint vesz\u00e9lyesnek min\u0151s\u00edtett fotok\u00e9miai anyagokr\u00f3l kell PCN-t beny\u00fajtani. A nem vesz\u00e9lyes fotok\u00e9miai anyagokra nem vonatkozik ez a k\u00f6vetelm\u00e9ny. <\/p>\n<h3>K\u00e9rd\u00e9s: Mennyi ideig tart az UFI \u00e9s a PCN \u00e9rtes\u00edt\u00e9s beny\u00fajt\u00e1sa?<\/h3>\n<p>Ez n\u00e9h\u00e1ny napnyi munk\u00e1t ig\u00e9nyel. Amint felt\u00f6lt\u00f6tte a dokument\u00e1ci\u00f3t, azonnal nekil\u00e1tunk. <\/p>\n<h3>K\u00e9rd\u00e9s: \u00c9n vagyok a PCN-\u00e9rtes\u00edt\u00e9s tulajdonosa?<\/h3>\n<p>Igen, \u00d6n a PCN-\u00e9rtes\u00edt\u00e9s tulajdonosa. Az \u00d6n \u00e1ltal megadott adatok teljes m\u00e9rt\u00e9kben az \u00d6n tulajdon\u00e1ban maradnak.  A PCN-\u00e9rtes\u00edt\u00e9s az \u00d6n ECHA-fi\u00f3kj\u00e1ban lesz el\u00e9rhet\u0151.<\/p>\n<h3>K\u00e9rd\u00e9s: Ez a szolg\u00e1ltat\u00e1s egy vagy t\u00f6bb term\u00e9kre vonatkozik?<\/h3>\n<p>A szolg\u00e1ltat\u00e1s egy term\u00e9kre vonatkozik.<\/p>\n<h3>K\u00e9rd\u00e9s: Mi\u00e9rt kell fizetnem az UFI l\u00e9trehoz\u00e1s\u00e1\u00e9rt?<\/h3>\n<p>Az \u00e1ltalunk k\u00edn\u00e1lt szolg\u00e1ltat\u00e1s nem csup\u00e1n az UFI biztos\u00edt\u00e1s\u00e1r\u00f3l sz\u00f3l. Az UFI egy sokkal kiterjedtebb folyamat egyik eleme.  Az \u00e1ltalunk ny\u00fajtott alapvet\u0151 szolg\u00e1ltat\u00e1s az \u00d6n m\u00e9rgez\u00e9ssel kapcsolatos bejelent\u00e9s\u00e9nek (PCN) elk\u00e9sz\u00edt\u00e9se \u00e9s beny\u00fajt\u00e1sa a nemzeti kijel\u00f6lt szervekhez az ECHA port\u00e1lj\u00e1n kereszt\u00fcl, ami az EU CLP-rendelet\u00e9nek \u00e9rtelm\u00e9ben k\u00f6telez\u0151 k\u00f6vetelm\u00e9ny a vesz\u00e9lyes kever\u00e9kek forgalomba hozatal\u00e1hoz. Az UFI l\u00e9trehoz\u00e1sa a legegyszer\u0171bb r\u00e9sz.  A PCN-jelent\u00e9s azonban \u00f6sszetett. R\u00e9szletes \u00f6sszetev\u0151-fel\u00fclvizsg\u00e1latot ig\u00e9nyel &#8211; k\u00e9miai besorol\u00e1sokat -, amelyeket pontosan a m\u00e9rgez\u0151 k\u00f6zpontok ECHA-n kereszt\u00fcl t\u00f6rt\u00e9n\u0151 beny\u00fajt\u00e1s\u00e1hoz kell form\u00e1zni. <\/p>\n<h3>K\u00e9rd\u00e9s: Hogyan ny\u00fajthatok be PCN-t?<\/h3>\n<p>Megold\u00e1st k\u00edn\u00e1lunk olyan v\u00e1llalatok sz\u00e1m\u00e1ra, amelyek sz\u00e9khelye nem az EU-ban van. Tov\u00e1bbi inform\u00e1ci\u00f3kat a <a href=\"https:\/\/www.ufi.eu\/hu\/pcn\/eu-n-kivul\/pcn-es-ufi-nem-unios-vallalatok-szamara\/\" target=\"_blank\" rel=\"noopener\">PCN &amp; UFI nem uni\u00f3s v\u00e1llalatok sz\u00e1m\u00e1ra<\/a> c\u00edm\u0171 oldalon tal\u00e1l. <\/p>\n<h3>K\u00e9rd\u00e9s: Tudnak-e biztons\u00e1gi adatlapokat biztos\u00edtani, amelyek teljes m\u00e9rt\u00e9kben megfelelnek az uni\u00f3s rendeleteknek (REACH \u00e9s CLP)?<\/h3>\n<p>Igen, megtehetj\u00fck. <a href=\"https:\/\/www.ufi.eu\/hu\/pcn\/biztonsagi-adatlap\/biztonsagi-adatlap-msds-sds-keszitesi-szolgaltatas\/\" target=\"_blank\"><strong>biztons\u00e1gi adatlapokat (SDS) k\u00e9sz\u00edthet\u00fcnk<\/strong><\/a>&#8211; m\u00e1s n\u00e9ven <strong>anyagbiztons\u00e1gi adatlapokat (MSDS<\/strong>) &#8211; az \u00d6n term\u00e9k\u00e9re szabottan \u00e9s a leg\u00fajabb uni\u00f3s el\u0151\u00edr\u00e1soknak megfelel\u0151en. Ak\u00e1r vegyi anyagkever\u00e9keket gy\u00e1rt, ak\u00e1r term\u00e9keket import\u00e1l az EU-ba, ak\u00e1r saj\u00e1t m\u00e1rkan\u00e9v alatt forgalmaz, a jogszab\u00e1lyoknak megfelel\u0151 SDS a biztons\u00e1gos haszn\u00e1lathoz az ell\u00e1t\u00e1si l\u00e1nc eg\u00e9sz\u00e9ben elengedhetetlen. Tov\u00e1bbi inform\u00e1ci\u00f3kat a <a href=\"https:\/\/www.ufi.eu\/hu\/pcn\/biztonsagi-adatlap\/biztonsagi-adatlap-msds-sds-keszitesi-szolgaltatas\/\" target=\"_blank\">Biztons\u00e1gi adatlap (MSDS\/SDS) k\u00e9sz\u00edt\u00e9si szolg\u00e1ltat\u00e1s<\/a> oldalon tal\u00e1l.  <\/p>\n","protected":false},"excerpt":{"rendered":"<p>Hogyan m\u0171k\u00f6dik az UFI l\u00e9trehoz\u00e1sa \u00e9s a PCN-\u00e9rtes\u00edt\u00e9si szolg\u00e1ltat\u00e1s? A szolg\u00e1ltat\u00e1s megv\u00e1s\u00e1rl\u00e1sa ut\u00e1n hozz\u00e1f\u00e9r\u00e9st kap a biztons\u00e1gos port\u00e1lhoz. Ez a port\u00e1l tartalmazza az \u00f6sszes l\u00e9p\u00e9s \u00e1ttekint\u00e9s\u00e9t. \u00d6n kit\u00f6lti a term\u00e9k adatait, mi pedig munk\u00e1hoz l\u00e1tunk. M\u00e9regtelen\u00edt\u0151 k\u00f6zpont \u00e9rtes\u00edt\u00e9se \u00e9s UFI Mi biztos\u00edtjuk: A term\u00e9k egyedi k\u00e9pletazonos\u00edt\u00f3ja (UFI) A m\u00e9rgez\u0151 k\u00f6zpont \u00e9rtes\u00edt\u00e9se (PCN) jelent\u00e9se A term\u00e9k [&hellip;]<\/p>\n","protected":false},"featured_media":19896,"template":"","meta":[],"product_brand":[],"product_cat":[334],"product_tag":[],"class_list":{"0":"post-19895","1":"product","2":"type-product","3":"status-publish","4":"has-post-thumbnail","6":"product_cat-kemiai-vagy-muszaki-folyamatokhoz-hasznalt-termekek","8":"first","9":"instock","10":"virtual","11":"taxable","12":"purchasable","13":"product-type-bundle"},"bundled_by":[],"bundle_stock_status":"instock","bundle_stock_quantity":"","bundle_virtual":false,"bundle_layout":"default","bundle_add_to_cart_form_location":"default","bundle_editable_in_cart":false,"bundle_sold_individually_context":"product","bundle_item_grouping":"parent","bundle_min_size":"","bundle_max_size":"","bundle_price":{"price":{"min":{"incl_tax":"121","excl_tax":"100"},"max":{"incl_tax":"","excl_tax":""}},"regular_price":{"min":{"incl_tax":"121","excl_tax":"100"},"max":{"incl_tax":"","excl_tax":""}}},"bundled_items":[{"bundled_item_id":8626,"product_id":12548,"menu_order":0,"quantity_min":1,"quantity_max":1,"quantity_default":1,"priced_individually":true,"shipped_individually":false,"override_title":false,"title":null,"override_description":false,"description":null,"optional":false,"hide_thumbnail":false,"discount":"","override_variations":false,"allowed_variations":[""],"override_default_variation_attributes":false,"default_variation_attributes":[],"single_product_visibility":"visible","cart_visibility":"visible","order_visibility":"visible","single_product_price_visibility":"visible","cart_price_visibility":"visible","order_price_visibility":"visible","stock_status":"in_stock"},{"bundled_item_id":8627,"product_id":12542,"menu_order":1,"quantity_min":1,"quantity_max":"","quantity_default":1,"priced_individually":true,"shipped_individually":false,"override_title":false,"title":null,"override_description":false,"description":null,"optional":false,"hide_thumbnail":false,"discount":"","override_variations":false,"allowed_variations":[""],"override_default_variation_attributes":false,"default_variation_attributes":[],"single_product_visibility":"visible","cart_visibility":"visible","order_visibility":"visible","single_product_price_visibility":"visible","cart_price_visibility":"visible","order_price_visibility":"visible","stock_status":"in_stock"}],"bundle_sell_ids":[],"yoast_head":"<!-- This site is optimized with the Yoast SEO Premium plugin v25.1 (Yoast SEO v25.1) - https:\/\/yoast.com\/wordpress\/plugins\/seo\/ -->\n<title>PCN \u00e9s UFI a f\u00e9nyk\u00e9p\u00e9szeti feldolgoz\u00f3 vegyszerekhez - UFI<\/title>\n<meta name=\"description\" content=\"Szerezzen PCN \u00e9s UFI tan\u00fas\u00edtv\u00e1nyt a f\u00e9ny\u00e9rz\u00e9keny anyagok feldolgoz\u00e1s\u00e1hoz haszn\u00e1lt vegyi anyagokr\u00f3l. Gyors \u00e9s megb\u00edzhat\u00f3 szolg\u00e1ltat\u00e1sunkkal biztos\u00edtsa az EU M\u00e9regk\u00f6zpontnak val\u00f3 megfelel\u00e9st!\" \/>\n<meta name=\"robots\" content=\"index, follow, max-snippet:-1, max-image-preview:large, max-video-preview:-1\" \/>\n<link rel=\"canonical\" href=\"https:\/\/www.ufi.eu\/hu\/product\/pcn-es-ufi-a-fenykepeszeti-feldolgozo-vegyszerekhez\/\" \/>\n<meta property=\"og:locale\" content=\"hu_HU\" \/>\n<meta property=\"og:type\" content=\"article\" \/>\n<meta property=\"og:title\" content=\"PCN \u00e9s UFI a f\u00e9nyk\u00e9p\u00e9szeti feldolgoz\u00f3 vegyszerekhez\" \/>\n<meta property=\"og:description\" content=\"Szerezzen PCN \u00e9s UFI tan\u00fas\u00edtv\u00e1nyt a f\u00e9ny\u00e9rz\u00e9keny anyagok feldolgoz\u00e1s\u00e1hoz haszn\u00e1lt vegyi anyagokr\u00f3l. Gyors \u00e9s megb\u00edzhat\u00f3 szolg\u00e1ltat\u00e1sunkkal biztos\u00edtsa az EU M\u00e9regk\u00f6zpontnak val\u00f3 megfelel\u00e9st!\" \/>\n<meta property=\"og:url\" content=\"https:\/\/www.ufi.eu\/hu\/product\/pcn-es-ufi-a-fenykepeszeti-feldolgozo-vegyszerekhez\/\" \/>\n<meta property=\"og:site_name\" content=\"UFI\" \/>\n<meta property=\"og:image\" content=\"https:\/\/www.ufi.eu\/wp-content\/uploads\/2025\/03\/PC-TEC-15.jpg\" \/>\n\t<meta property=\"og:image:width\" content=\"1024\" \/>\n\t<meta property=\"og:image:height\" content=\"1024\" \/>\n\t<meta property=\"og:image:type\" content=\"image\/jpeg\" \/>\n<meta name=\"twitter:card\" content=\"summary_large_image\" \/>\n<meta name=\"twitter:label1\" content=\"\u00c1r\" \/>\n\t<meta name=\"twitter:data1\" content=\"&euro;0.00\" \/>\n\t<meta name=\"twitter:label2\" content=\"El\u00e9rhet\u0151s\u00e9g\" \/>\n\t<meta name=\"twitter:data2\" content=\"K\u00e9szleten\" \/>\n<script type=\"application\/ld+json\" class=\"yoast-schema-graph\">{\"@context\":\"https:\/\/schema.org\",\"@graph\":[{\"@type\":\"WebPage\",\"@id\":\"https:\/\/www.ufi.eu\/hu\/product\/pcn-es-ufi-a-fenykepeszeti-feldolgozo-vegyszerekhez\/\",\"url\":\"https:\/\/www.ufi.eu\/hu\/product\/pcn-es-ufi-a-fenykepeszeti-feldolgozo-vegyszerekhez\/\",\"name\":\"PCN \u00e9s UFI a f\u00e9nyk\u00e9p\u00e9szeti feldolgoz\u00f3 vegyszerekhez - UFI\",\"isPartOf\":{\"@id\":\"https:\/\/www.ufi.eu\/hu\/#website\"},\"primaryImageOfPage\":{\"@id\":\"https:\/\/www.ufi.eu\/hu\/product\/pcn-es-ufi-a-fenykepeszeti-feldolgozo-vegyszerekhez\/#primaryimage\"},\"image\":{\"@id\":\"https:\/\/www.ufi.eu\/hu\/product\/pcn-es-ufi-a-fenykepeszeti-feldolgozo-vegyszerekhez\/#primaryimage\"},\"thumbnailUrl\":\"https:\/\/www.ufi.eu\/wp-content\/uploads\/2025\/03\/PC-TEC-15.jpg\",\"datePublished\":\"2025-04-17T09:05:19+00:00\",\"description\":\"Szerezzen PCN \u00e9s UFI tan\u00fas\u00edtv\u00e1nyt a f\u00e9ny\u00e9rz\u00e9keny anyagok feldolgoz\u00e1s\u00e1hoz haszn\u00e1lt vegyi anyagokr\u00f3l. Gyors \u00e9s megb\u00edzhat\u00f3 szolg\u00e1ltat\u00e1sunkkal biztos\u00edtsa az EU M\u00e9regk\u00f6zpontnak val\u00f3 megfelel\u00e9st!\",\"breadcrumb\":{\"@id\":\"https:\/\/www.ufi.eu\/hu\/product\/pcn-es-ufi-a-fenykepeszeti-feldolgozo-vegyszerekhez\/#breadcrumb\"},\"inLanguage\":\"hu\",\"potentialAction\":[{\"@type\":\"ReadAction\",\"target\":[\"https:\/\/www.ufi.eu\/hu\/product\/pcn-es-ufi-a-fenykepeszeti-feldolgozo-vegyszerekhez\/\"]}]},{\"@type\":\"ImageObject\",\"inLanguage\":\"hu\",\"@id\":\"https:\/\/www.ufi.eu\/hu\/product\/pcn-es-ufi-a-fenykepeszeti-feldolgozo-vegyszerekhez\/#primaryimage\",\"url\":\"https:\/\/www.ufi.eu\/wp-content\/uploads\/2025\/03\/PC-TEC-15.jpg\",\"contentUrl\":\"https:\/\/www.ufi.eu\/wp-content\/uploads\/2025\/03\/PC-TEC-15.jpg\",\"width\":1024,\"height\":1024},{\"@type\":\"BreadcrumbList\",\"@id\":\"https:\/\/www.ufi.eu\/hu\/product\/pcn-es-ufi-a-fenykepeszeti-feldolgozo-vegyszerekhez\/#breadcrumb\",\"itemListElement\":[{\"@type\":\"ListItem\",\"position\":1,\"name\":\"Home\",\"item\":\"https:\/\/www.ufi.eu\/hu\/home\/\"},{\"@type\":\"ListItem\",\"position\":2,\"name\":\"Bolt\",\"item\":\"https:\/\/www.ufi.eu\/hu\/bolt\/\"},{\"@type\":\"ListItem\",\"position\":3,\"name\":\"PCN \u00e9s UFI a f\u00e9nyk\u00e9p\u00e9szeti feldolgoz\u00f3 vegyszerekhez\"}]},{\"@type\":\"WebSite\",\"@id\":\"https:\/\/www.ufi.eu\/hu\/#website\",\"url\":\"https:\/\/www.ufi.eu\/hu\/\",\"name\":\"UFI.EU\",\"description\":\"Poison Centre Notifications (PCN) and UFI\",\"publisher\":{\"@id\":\"https:\/\/www.ufi.eu\/hu\/#organization\"},\"potentialAction\":[{\"@type\":\"SearchAction\",\"target\":{\"@type\":\"EntryPoint\",\"urlTemplate\":\"https:\/\/www.ufi.eu\/hu\/?s={search_term_string}\"},\"query-input\":{\"@type\":\"PropertyValueSpecification\",\"valueRequired\":true,\"valueName\":\"search_term_string\"}}],\"inLanguage\":\"hu\"},{\"@type\":\"Organization\",\"@id\":\"https:\/\/www.ufi.eu\/hu\/#organization\",\"name\":\"UFI.EU\",\"url\":\"https:\/\/www.ufi.eu\/hu\/\",\"logo\":{\"@type\":\"ImageObject\",\"inLanguage\":\"hu\",\"@id\":\"https:\/\/www.ufi.eu\/hu\/#\/schema\/logo\/image\/\",\"url\":\"https:\/\/www.ufi.eu\/wp-content\/uploads\/2025\/03\/cropped-logo_ufi3.jpg\",\"contentUrl\":\"https:\/\/www.ufi.eu\/wp-content\/uploads\/2025\/03\/cropped-logo_ufi3.jpg\",\"width\":231,\"height\":78,\"caption\":\"UFI.EU\"},\"image\":{\"@id\":\"https:\/\/www.ufi.eu\/hu\/#\/schema\/logo\/image\/\"},\"description\":\"UFI.eu specializes in digital registrations for Poison Centre Notifications (PCN), ensuring your chemical products meet EU regulatory requirements effortlessly. Our streamlined solutions help businesses stay compliant while reducing complexity and administrative burden.\",\"email\":\"info@ufi.eu\",\"legalName\":\"UFI.EU\"}]}<\/script>\n<meta property=\"product:price:amount\" content=\"0.00\" \/>\n<meta property=\"product:price:currency\" content=\"EUR\" \/>\n<meta property=\"og:availability\" content=\"instock\" \/>\n<meta property=\"product:availability\" content=\"instock\" \/>\n<meta property=\"product:retailer_item_id\" content=\"PC-TEC-15\" \/>\n<meta property=\"product:condition\" content=\"new\" \/>\n<!-- \/ Yoast SEO Premium plugin. -->","yoast_head_json":{"title":"PCN \u00e9s UFI a f\u00e9nyk\u00e9p\u00e9szeti feldolgoz\u00f3 vegyszerekhez - UFI","description":"Szerezzen PCN \u00e9s UFI tan\u00fas\u00edtv\u00e1nyt a f\u00e9ny\u00e9rz\u00e9keny anyagok feldolgoz\u00e1s\u00e1hoz haszn\u00e1lt vegyi anyagokr\u00f3l. Gyors \u00e9s megb\u00edzhat\u00f3 szolg\u00e1ltat\u00e1sunkkal biztos\u00edtsa az EU M\u00e9regk\u00f6zpontnak val\u00f3 megfelel\u00e9st!","robots":{"index":"index","follow":"follow","max-snippet":"max-snippet:-1","max-image-preview":"max-image-preview:large","max-video-preview":"max-video-preview:-1"},"canonical":"https:\/\/www.ufi.eu\/hu\/product\/pcn-es-ufi-a-fenykepeszeti-feldolgozo-vegyszerekhez\/","og_locale":"hu_HU","og_type":"article","og_title":"PCN \u00e9s UFI a f\u00e9nyk\u00e9p\u00e9szeti feldolgoz\u00f3 vegyszerekhez","og_description":"Szerezzen PCN \u00e9s UFI tan\u00fas\u00edtv\u00e1nyt a f\u00e9ny\u00e9rz\u00e9keny anyagok feldolgoz\u00e1s\u00e1hoz haszn\u00e1lt vegyi anyagokr\u00f3l. Gyors \u00e9s megb\u00edzhat\u00f3 szolg\u00e1ltat\u00e1sunkkal biztos\u00edtsa az EU M\u00e9regk\u00f6zpontnak val\u00f3 megfelel\u00e9st!","og_url":"https:\/\/www.ufi.eu\/hu\/product\/pcn-es-ufi-a-fenykepeszeti-feldolgozo-vegyszerekhez\/","og_site_name":"UFI","og_image":[{"width":1024,"height":1024,"url":"https:\/\/www.ufi.eu\/wp-content\/uploads\/2025\/03\/PC-TEC-15.jpg","type":"image\/jpeg"}],"twitter_card":"summary_large_image","twitter_misc":{"\u00c1r":"&euro;0.00","El\u00e9rhet\u0151s\u00e9g":"K\u00e9szleten"},"schema":{"@context":"https:\/\/schema.org","@graph":[{"@type":"WebPage","@id":"https:\/\/www.ufi.eu\/hu\/product\/pcn-es-ufi-a-fenykepeszeti-feldolgozo-vegyszerekhez\/","url":"https:\/\/www.ufi.eu\/hu\/product\/pcn-es-ufi-a-fenykepeszeti-feldolgozo-vegyszerekhez\/","name":"PCN \u00e9s UFI a f\u00e9nyk\u00e9p\u00e9szeti feldolgoz\u00f3 vegyszerekhez - UFI","isPartOf":{"@id":"https:\/\/www.ufi.eu\/hu\/#website"},"primaryImageOfPage":{"@id":"https:\/\/www.ufi.eu\/hu\/product\/pcn-es-ufi-a-fenykepeszeti-feldolgozo-vegyszerekhez\/#primaryimage"},"image":{"@id":"https:\/\/www.ufi.eu\/hu\/product\/pcn-es-ufi-a-fenykepeszeti-feldolgozo-vegyszerekhez\/#primaryimage"},"thumbnailUrl":"https:\/\/www.ufi.eu\/wp-content\/uploads\/2025\/03\/PC-TEC-15.jpg","datePublished":"2025-04-17T09:05:19+00:00","description":"Szerezzen PCN \u00e9s UFI tan\u00fas\u00edtv\u00e1nyt a f\u00e9ny\u00e9rz\u00e9keny anyagok feldolgoz\u00e1s\u00e1hoz haszn\u00e1lt vegyi anyagokr\u00f3l. Gyors \u00e9s megb\u00edzhat\u00f3 szolg\u00e1ltat\u00e1sunkkal biztos\u00edtsa az EU M\u00e9regk\u00f6zpontnak val\u00f3 megfelel\u00e9st!","breadcrumb":{"@id":"https:\/\/www.ufi.eu\/hu\/product\/pcn-es-ufi-a-fenykepeszeti-feldolgozo-vegyszerekhez\/#breadcrumb"},"inLanguage":"hu","potentialAction":[{"@type":"ReadAction","target":["https:\/\/www.ufi.eu\/hu\/product\/pcn-es-ufi-a-fenykepeszeti-feldolgozo-vegyszerekhez\/"]}]},{"@type":"ImageObject","inLanguage":"hu","@id":"https:\/\/www.ufi.eu\/hu\/product\/pcn-es-ufi-a-fenykepeszeti-feldolgozo-vegyszerekhez\/#primaryimage","url":"https:\/\/www.ufi.eu\/wp-content\/uploads\/2025\/03\/PC-TEC-15.jpg","contentUrl":"https:\/\/www.ufi.eu\/wp-content\/uploads\/2025\/03\/PC-TEC-15.jpg","width":1024,"height":1024},{"@type":"BreadcrumbList","@id":"https:\/\/www.ufi.eu\/hu\/product\/pcn-es-ufi-a-fenykepeszeti-feldolgozo-vegyszerekhez\/#breadcrumb","itemListElement":[{"@type":"ListItem","position":1,"name":"Home","item":"https:\/\/www.ufi.eu\/hu\/home\/"},{"@type":"ListItem","position":2,"name":"Bolt","item":"https:\/\/www.ufi.eu\/hu\/bolt\/"},{"@type":"ListItem","position":3,"name":"PCN \u00e9s UFI a f\u00e9nyk\u00e9p\u00e9szeti feldolgoz\u00f3 vegyszerekhez"}]},{"@type":"WebSite","@id":"https:\/\/www.ufi.eu\/hu\/#website","url":"https:\/\/www.ufi.eu\/hu\/","name":"UFI.EU","description":"Poison Centre Notifications (PCN) and UFI","publisher":{"@id":"https:\/\/www.ufi.eu\/hu\/#organization"},"potentialAction":[{"@type":"SearchAction","target":{"@type":"EntryPoint","urlTemplate":"https:\/\/www.ufi.eu\/hu\/?s={search_term_string}"},"query-input":{"@type":"PropertyValueSpecification","valueRequired":true,"valueName":"search_term_string"}}],"inLanguage":"hu"},{"@type":"Organization","@id":"https:\/\/www.ufi.eu\/hu\/#organization","name":"UFI.EU","url":"https:\/\/www.ufi.eu\/hu\/","logo":{"@type":"ImageObject","inLanguage":"hu","@id":"https:\/\/www.ufi.eu\/hu\/#\/schema\/logo\/image\/","url":"https:\/\/www.ufi.eu\/wp-content\/uploads\/2025\/03\/cropped-logo_ufi3.jpg","contentUrl":"https:\/\/www.ufi.eu\/wp-content\/uploads\/2025\/03\/cropped-logo_ufi3.jpg","width":231,"height":78,"caption":"UFI.EU"},"image":{"@id":"https:\/\/www.ufi.eu\/hu\/#\/schema\/logo\/image\/"},"description":"UFI.eu specializes in digital registrations for Poison Centre Notifications (PCN), ensuring your chemical products meet EU regulatory requirements effortlessly. Our streamlined solutions help businesses stay compliant while reducing complexity and administrative burden.","email":"info@ufi.eu","legalName":"UFI.EU"}]},"product_price_amount":"0.00","product_price_currency":"EUR","og_availability":"instock","product_availability":"instock","product_retailer_item_id":"PC-TEC-15","product_condition":"new"},"_links":{"self":[{"href":"https:\/\/www.ufi.eu\/hu\/wp-json\/wp\/v2\/product\/19895","targetHints":{"allow":["GET"]}}],"collection":[{"href":"https:\/\/www.ufi.eu\/hu\/wp-json\/wp\/v2\/product"}],"about":[{"href":"https:\/\/www.ufi.eu\/hu\/wp-json\/wp\/v2\/types\/product"}],"wp:featuredmedia":[{"embeddable":true,"href":"https:\/\/www.ufi.eu\/hu\/wp-json\/wp\/v2\/media\/19896"}],"wp:attachment":[{"href":"https:\/\/www.ufi.eu\/hu\/wp-json\/wp\/v2\/media?parent=19895"}],"wp:term":[{"taxonomy":"product_brand","embeddable":true,"href":"https:\/\/www.ufi.eu\/hu\/wp-json\/wp\/v2\/product_brand?post=19895"},{"taxonomy":"product_cat","embeddable":true,"href":"https:\/\/www.ufi.eu\/hu\/wp-json\/wp\/v2\/product_cat?post=19895"},{"taxonomy":"product_tag","embeddable":true,"href":"https:\/\/www.ufi.eu\/hu\/wp-json\/wp\/v2\/product_tag?post=19895"}],"curies":[{"name":"wp","href":"https:\/\/api.w.org\/{rel}","templated":true}]}}